{"id":5725,"date":"2025-09-30T12:30:15","date_gmt":"2025-09-30T11:30:15","guid":{"rendered":"https:\/\/www.ilmeloresidence.it\/politique-de-confidentialite\/"},"modified":"2025-12-04T17:06:24","modified_gmt":"2025-12-04T16:06:24","slug":"politique-de-confidentialite","status":"publish","type":"page","link":"https:\/\/www.ilmeloresidence.it\/fr\/politique-de-confidentialite\/","title":{"rendered":"politique de confidentialit\u00e9"},"content":{"rendered":"<p>[et_pb_section fb_built=\u00a0\u00bb1&Prime; admin_label=\u00a0\u00bbsection\u00a0\u00bb _builder_version=\u00a0\u00bb3.22&Prime;][et_pb_row admin_label=\u00a0\u00bbrow\u00a0\u00bb _builder_version=\u00a0\u00bb4.3.4&Prime; background_size=\u00a0\u00bbinitial\u00a0\u00bb background_position=\u00a0\u00bbtop_left\u00a0\u00bb background_repeat=\u00a0\u00bbrepeat\u00a0\u00bb max_width_last_edited=\u00a0\u00bboff|phone\u00a0\u00bb custom_padding=\u00a0\u00bb|30px||30px|false|true\u00a0\u00bb][et_pb_column type=\u00a0\u00bb4_4&Prime; _builder_version=\u00a0\u00bb3.25&Prime; custom_padding=\u00a0\u00bb|||\u00a0\u00bb custom_padding__hover=\u00a0\u00bb|||\u00a0\u00bb][et_pb_text module_class=\u00a0\u00bbverdeMela\u00a0\u00bb _builder_version=\u00a0\u00bb4.3.4&Prime; header_2_font=\u00a0\u00bb|300|||||||\u00a0\u00bb custom_margin=\u00a0\u00bb40px||40px||true|false\u00a0\u00bb]<\/p>\n<h2 style=\"text-align: center;\"><b>Informativa sul Trattamento dei Dati Personali<\/b><\/h2>\n<p>[\/et_pb_text][et_pb_text admin_label=\u00a0\u00bbText\u00a0\u00bb _builder_version=\u00a0\u00bb4.4.2&Prime; background_size=\u00a0\u00bbinitial\u00a0\u00bb background_position=\u00a0\u00bbtop_left\u00a0\u00bb background_repeat=\u00a0\u00bbrepeat\u00a0\u00bb hover_enabled=\u00a0\u00bb0&Prime;]<\/p>\n<p><span style=\"font-size: 18px; letter-spacing: 0.18em;\">La IL MELO S.R.L. Unipersonale\u00a0con sede in Via del Melo, 39 07046 Porto Torres (SS), Sardegna, Italia, in qualit\u00e0 di titolare del trattamento, ai sensi e per gli effetti di cui agli articoli 13 e 14 Regolamento UE n. 2016\/679 (in seguito, \u201cGDPR\u201d), La informa che i Suoi dati saranno trattati con le modalit\u00e0 e per le finalit\u00e0 seguenti:<\/span><\/p>\n<div align=\"JUSTIFY\">\n<p><strong>1. Oggetto del Trattamento<\/strong><br \/> Il Titolare tratta i dati personali, identificativi e anche sensibili (in particolare, nome, cognome, codice fiscale, p. iva, email, numero telefonico \u2013 in seguito, \u201cdati personali\u201d o anche \u201cdati\u201d) da Lei forniti, acquisiti dalla precedente amministrazione o recuperati cos\u00ec come previsto dalla Legge 220\/2012.<\/p>\n<p><strong>2. Finalit\u00e0 del Trattamento<\/strong><br \/> I Vostri dati personali sono trattati senza il Vostro consenso espresso (art. 6 lettera b), e) GDPR), alle Finalit\u00e0 connesse alla gestione amministrativa e contabile.<\/p>\n<p><strong>3. Natura del conferimento dei dati e conseguenze del rifiuto di rispondere<\/strong><br \/> Il conferimento dei dati personali per le finalit\u00e0 di cui all\u2019art. 2 ha natura strettamente necessaria, in quanto il mancato o non corretto conferimento rende impossibile il trattamento inerente le suddette finalit\u00e0.<\/p>\n<p><strong>4. Modalit\u00e0 del Trattamento<\/strong><br \/> Il trattamento dei Vostri dati personali \u00e8 realizzato per mezzo delle operazioni indicate all\u2019art. 4 n. 2) GDPR e precisamente: raccolta, registrazione, organizzazione, conservazione, consultazione, elaborazione, modificazione, selezione, estrazione, raffronto, utilizzo, interconnessione, blocco, comunicazione, cancellazione e distruzione dei dati. I Vostri dati personali sono sottoposti a trattamento sia cartaceo che elettronico e\/o automatizzato, il Titolare tratter\u00e0 i dati personali per il tempo necessario per adempiere alle finalit\u00e0 di cui sopra e comunque per non oltre 10 anni dalla cessazione del rapporto per le Finalit\u00e0 di Servizio.<\/p>\n<p><strong>5. Comunicazione dei dati<\/strong><br \/> Senza il Vostro espresso consenso (art. 6 lettera. b) e c) GDPR), il Titolare potr\u00e0 comunicare i Vostri dati per le finalit\u00e0 di cui all\u2019art. 2.) agli enti e organismi di controllo oltre che alla magistratura, su richiesta della stessa, agli enti assicurativi; alla Banca presso la quale \u00e8 intrattenuto il rapporto di conto corrente; agli studi legali presso i quali saranno domiciliate le pratiche di morosit\u00e0 e\/o controversie, di qualsiasi natura, legate all&rsquo;attivit\u00e0; ai fornitori dell&rsquo;attivit\u00e0 cosi come previsto dall\u2019 Art. 63 delle disposizioni di attuazione del codice civile. I dati non saranno soggetti a diffusione.<\/p>\n<p><strong>6. Accesso ai dati<\/strong><br \/> I Suoi dati potranno essere resi accessibili per le finalit\u00e0 di cui all\u2019art. 2:<br \/>6.1 A dipendenti e collaboratori de IL MELO S.R.L. Unipersonale, nella loro qualit\u00e0 di incaricati e\/o responsabili interni del trattamento e\/o amministratori di sistema;<br \/>6.2 Societ\u00e0 e professionisti che svolgono attivit\u00e0 in outsourcing per conto del Titolare, nella loro qualit\u00e0 di responsabili esterni del trattamento.<\/p>\n<p><strong>7. Sicurezza<\/strong><br \/> I dati vengono custoditi e controllati mediante adozione di idonee misure preventive di sicurezza, volte a ridurre al minimo i rischi di perdita e distruzione, di accesso non autorizzato, di trattamento non consentito e difforme dalle finalit\u00e0 per cui il trattamento viene effettuato.<\/p>\n<p><strong>8. Trasferimento dati<\/strong><br \/> La gestione e la conservazione dei dati personali avverr\u00e0 in Europa.<\/p>\n<p><strong>9. Diritti dell\u2019interessato<\/strong><br \/> Nella Sua qualit\u00e0 di interessato, ha il diritto di cui all\u2019art. 15 GDPR e precisamente i diritti di:<br \/>9.1 ottenere la conferma dell\u2019esistenza o meno di dati personali che Ti riguardano, anche se non ancora registrati, e la loro comunicazione in forma intelligibile;<br \/>9.2 ottenere l\u2019indicazione: a) dell\u2019origine dei dati personali; b) delle finalit\u00e0 e modalit\u00e0 del trattamento; c) della logica applicata in caso di trattamento effettuato con l\u2019ausilio di strumenti elettronici; d) degli estremi identificativi del titolare, dei responsabili e del rappresentante designato ai sensi dell\u2019art. 5, comma 2 Codice Privacy e art. 3, comma 1, GDPR; e) dei soggetti o delle categorie di soggetti ai quali i dati personali possono essere comunicati o che possono venirne a conoscenza in qualit\u00e0 di rappresentante designato nel territorio dello Stato, di responsabili o incaricati;<br \/>9.3 ottenere: a) l\u2019aggiornamento, la rettificazione ovvero, quando vi hai interesse, l\u2019integrazione dei dati; b) la cancellazione, la trasformazione in forma anonima o il blocco dei dati trattati in violazione di legge, compresi quelli di cui non \u00e8 necessaria la conservazione in relazione agli scopi per i quali i dati sono stati raccolti o successivamente trattati; c) l\u2019attestazione che le operazioni di cui alle lettere a) e b) sono state portate a conoscenza, anche per quanto riguarda il loro contenuto, di coloro ai quali i dati sono stati comunicati o diffusi, eccettuato il caso in cui tale adempimento si rivela impossibile o comporta un impiego di mezzi manifestamente sproporzionato rispetto al diritto tutelato;<br \/>9.4 opporsi, in tutto o in parte: a) per motivi legittimi al trattamento dei dati personali che Ti riguardano, ancorch\u00e9 pertinenti allo scopo della raccolta; b) al trattamento di dati personali che Ti riguardano a fini di invio di materiale pubblicitario o di vendita diretta o per il compimento di ricerche di mercato o di comunicazione commerciale, mediante l\u2019uso di sistemi automatizzati di chiamata senza l\u2019intervento di un operatore mediante email e\/o mediante modalit\u00e0 di marketing tradizionali mediante telefono e\/o posta cartacea. Si fa presente che il diritto di opposizione dell\u2019interessato, esposto al precedente punto b), per finalit\u00e0 di marketing diretto mediante modalit\u00e0 automatizzate si estende a quelle tradizionali e che comunque resta salva la possibilit\u00e0 per l\u2019interessato di esercitare il diritto di opposizione anche solo in parte. Pertanto, l\u2019interessato pu\u00f2 decidere di ricevere solo comunicazioni mediante modalit\u00e0 tradizionali ovvero solo comunicazioni automatizzate oppure nessuna delle due tipologie di comunicazione.<br \/> Ove applicabili, hai altres\u00ec i diritti di cui agli artt. 16-21 GDPR (Diritto di rettifica, diritto all\u2019oblio, diritto di<br \/> limitazione di trattamento, diritto alla portabilit\u00e0 dei dati, diritto di opposizione), nonch\u00e9 il diritto di<br \/> reclamo all\u2019Autorit\u00e0 Garante.<\/p>\n<p><strong>10. Modalit\u00e0 di esercizio dei diritti<\/strong><br \/> Potr\u00e0 in qualsiasi momento esercitare i diritti inviando:<br \/> 10.1 via e-mail:<br \/>All\u2019indirizzo: info@ilmeloresidence.it<\/p>\n<p>10.2 oppure via posta A.R., a:<br \/> IL MELO S.R.L. Unipersonale<br \/> Via del Melo, 39 07046 Porto Torres (SS), Sardegna, Italia.<\/p>\n<p><strong>11. Titolare, responsabile e incaricati<\/strong><br \/> Il Titolare del trattamento \u00e8: IL MELO S.R.L. Unipersonale.<br \/> L\u2019elenco aggiornato dei responsabili e degli incaricati al trattamento \u00e8 custodito ed \u00e8 consultabile presso lo Studio dell\u2019amministratore.<\/p>\n<\/div>\n<p><!-- \/wp:heading --><\/p>\n<p>&nbsp;<\/p>\n<p>[\/et_pb_text][\/et_pb_column][\/et_pb_row][\/et_pb_section]<\/p>\n","protected":false},"excerpt":{"rendered":"<p>Informativa sul Trattamento dei Dati Personali La IL MELO S.R.L. Unipersonale\u00a0con sede in Via del Melo, 39 07046 Porto Torres (SS), Sardegna, Italia, in qualit\u00e0 di titolare del trattamento, ai sensi e per gli effetti di cui agli articoli 13 e 14 Regolamento UE n. 2016\/679 (in seguito, \u201cGDPR\u201d), La informa che i Suoi dati [&hellip;]<\/p>\n","protected":false},"author":1,"featured_media":0,"parent":0,"menu_order":0,"comment_status":"closed","ping_status":"closed","template":"","meta":{"_et_pb_use_builder":"on","_et_pb_old_content":"","_et_gb_content_width":"","footnotes":""},"class_list":["post-5725","page","type-page","status-publish","hentry"],"yoast_head":"<!-- This site is optimized with the Yoast SEO plugin v26.8 - https:\/\/yoast.com\/product\/yoast-seo-wordpress\/ -->\n<title>politique de confidentialit\u00e9 - Il Melo Residence a Porto Torres<\/title>\n<meta name=\"robots\" content=\"index, follow, max-snippet:-1, max-image-preview:large, max-video-preview:-1\" \/>\n<link rel=\"canonical\" href=\"https:\/\/www.ilmeloresidence.it\/it\/privacy-policy\/\" \/>\n<meta property=\"og:locale\" content=\"fr_FR\" \/>\n<meta property=\"og:type\" content=\"article\" \/>\n<meta property=\"og:title\" content=\"politique de confidentialit\u00e9 - Il Melo Residence a Porto Torres\" \/>\n<meta property=\"og:description\" content=\"Informativa sul Trattamento dei Dati Personali La IL MELO S.R.L. Unipersonale\u00a0con sede in Via del Melo, 39 07046 Porto Torres (SS), Sardegna, Italia, in qualit\u00e0 di titolare del trattamento, ai sensi e per gli effetti di cui agli articoli 13 e 14 Regolamento UE n. 2016\/679 (in seguito, \u201cGDPR\u201d), La informa che i Suoi dati [&hellip;]\" \/>\n<meta property=\"og:url\" content=\"https:\/\/www.ilmeloresidence.it\/it\/privacy-policy\/\" \/>\n<meta property=\"og:site_name\" content=\"Il Melo Residence a Porto Torres\" \/>\n<meta property=\"article:modified_time\" content=\"2025-12-04T16:06:24+00:00\" \/>\n<meta name=\"twitter:card\" content=\"summary_large_image\" \/>\n<meta name=\"twitter:label1\" content=\"Dur\u00e9e de lecture estim\u00e9e\" \/>\n\t<meta name=\"twitter:data1\" content=\"6 minutes\" \/>\n<script type=\"application\/ld+json\" class=\"yoast-schema-graph\">{\"@context\":\"https:\/\/schema.org\",\"@graph\":[{\"@type\":\"WebPage\",\"@id\":\"https:\/\/www.ilmeloresidence.it\/it\/privacy-policy\/\",\"url\":\"https:\/\/www.ilmeloresidence.it\/it\/privacy-policy\/\",\"name\":\"politique de confidentialit\u00e9 - Il Melo Residence a Porto Torres\",\"isPartOf\":{\"@id\":\"https:\/\/www.ilmeloresidence.it\/it\/#website\"},\"datePublished\":\"2025-09-30T11:30:15+00:00\",\"dateModified\":\"2025-12-04T16:06:24+00:00\",\"breadcrumb\":{\"@id\":\"https:\/\/www.ilmeloresidence.it\/it\/privacy-policy\/#breadcrumb\"},\"inLanguage\":\"fr-FR\",\"potentialAction\":[{\"@type\":\"ReadAction\",\"target\":[\"https:\/\/www.ilmeloresidence.it\/it\/privacy-policy\/\"]}]},{\"@type\":\"BreadcrumbList\",\"@id\":\"https:\/\/www.ilmeloresidence.it\/it\/privacy-policy\/#breadcrumb\",\"itemListElement\":[{\"@type\":\"ListItem\",\"position\":1,\"name\":\"Home\",\"item\":\"https:\/\/www.ilmeloresidence.it\/fr\/page-daccueil\/\"},{\"@type\":\"ListItem\",\"position\":2,\"name\":\"politique de confidentialit\u00e9\"}]},{\"@type\":\"WebSite\",\"@id\":\"https:\/\/www.ilmeloresidence.it\/it\/#website\",\"url\":\"https:\/\/www.ilmeloresidence.it\/it\/\",\"name\":\"Il Melo Residence a Porto Torres\",\"description\":\"L&#039;accoglienza del Nord Sardegna\",\"potentialAction\":[{\"@type\":\"SearchAction\",\"target\":{\"@type\":\"EntryPoint\",\"urlTemplate\":\"https:\/\/www.ilmeloresidence.it\/it\/?s={search_term_string}\"},\"query-input\":{\"@type\":\"PropertyValueSpecification\",\"valueRequired\":true,\"valueName\":\"search_term_string\"}}],\"inLanguage\":\"fr-FR\"}]}<\/script>\n<!-- \/ Yoast SEO plugin. -->","yoast_head_json":{"title":"politique de confidentialit\u00e9 - Il Melo Residence a Porto Torres","robots":{"index":"index","follow":"follow","max-snippet":"max-snippet:-1","max-image-preview":"max-image-preview:large","max-video-preview":"max-video-preview:-1"},"canonical":"https:\/\/www.ilmeloresidence.it\/it\/privacy-policy\/","og_locale":"fr_FR","og_type":"article","og_title":"politique de confidentialit\u00e9 - Il Melo Residence a Porto Torres","og_description":"Informativa sul Trattamento dei Dati Personali La IL MELO S.R.L. Unipersonale\u00a0con sede in Via del Melo, 39 07046 Porto Torres (SS), Sardegna, Italia, in qualit\u00e0 di titolare del trattamento, ai sensi e per gli effetti di cui agli articoli 13 e 14 Regolamento UE n. 2016\/679 (in seguito, \u201cGDPR\u201d), La informa che i Suoi dati [&hellip;]","og_url":"https:\/\/www.ilmeloresidence.it\/it\/privacy-policy\/","og_site_name":"Il Melo Residence a Porto Torres","article_modified_time":"2025-12-04T16:06:24+00:00","twitter_card":"summary_large_image","twitter_misc":{"Dur\u00e9e de lecture estim\u00e9e":"6 minutes"},"schema":{"@context":"https:\/\/schema.org","@graph":[{"@type":"WebPage","@id":"https:\/\/www.ilmeloresidence.it\/it\/privacy-policy\/","url":"https:\/\/www.ilmeloresidence.it\/it\/privacy-policy\/","name":"politique de confidentialit\u00e9 - Il Melo Residence a Porto Torres","isPartOf":{"@id":"https:\/\/www.ilmeloresidence.it\/it\/#website"},"datePublished":"2025-09-30T11:30:15+00:00","dateModified":"2025-12-04T16:06:24+00:00","breadcrumb":{"@id":"https:\/\/www.ilmeloresidence.it\/it\/privacy-policy\/#breadcrumb"},"inLanguage":"fr-FR","potentialAction":[{"@type":"ReadAction","target":["https:\/\/www.ilmeloresidence.it\/it\/privacy-policy\/"]}]},{"@type":"BreadcrumbList","@id":"https:\/\/www.ilmeloresidence.it\/it\/privacy-policy\/#breadcrumb","itemListElement":[{"@type":"ListItem","position":1,"name":"Home","item":"https:\/\/www.ilmeloresidence.it\/fr\/page-daccueil\/"},{"@type":"ListItem","position":2,"name":"politique de confidentialit\u00e9"}]},{"@type":"WebSite","@id":"https:\/\/www.ilmeloresidence.it\/it\/#website","url":"https:\/\/www.ilmeloresidence.it\/it\/","name":"Il Melo Residence a Porto Torres","description":"L&#039;accoglienza del Nord Sardegna","potentialAction":[{"@type":"SearchAction","target":{"@type":"EntryPoint","urlTemplate":"https:\/\/www.ilmeloresidence.it\/it\/?s={search_term_string}"},"query-input":{"@type":"PropertyValueSpecification","valueRequired":true,"valueName":"search_term_string"}}],"inLanguage":"fr-FR"}]}},"_links":{"self":[{"href":"https:\/\/www.ilmeloresidence.it\/fr\/wp-json\/wp\/v2\/pages\/5725","targetHints":{"allow":["GET"]}}],"collection":[{"href":"https:\/\/www.ilmeloresidence.it\/fr\/wp-json\/wp\/v2\/pages"}],"about":[{"href":"https:\/\/www.ilmeloresidence.it\/fr\/wp-json\/wp\/v2\/types\/page"}],"author":[{"embeddable":true,"href":"https:\/\/www.ilmeloresidence.it\/fr\/wp-json\/wp\/v2\/users\/1"}],"replies":[{"embeddable":true,"href":"https:\/\/www.ilmeloresidence.it\/fr\/wp-json\/wp\/v2\/comments?post=5725"}],"version-history":[{"count":9,"href":"https:\/\/www.ilmeloresidence.it\/fr\/wp-json\/wp\/v2\/pages\/5725\/revisions"}],"predecessor-version":[{"id":6541,"href":"https:\/\/www.ilmeloresidence.it\/fr\/wp-json\/wp\/v2\/pages\/5725\/revisions\/6541"}],"wp:attachment":[{"href":"https:\/\/www.ilmeloresidence.it\/fr\/wp-json\/wp\/v2\/media?parent=5725"}],"curies":[{"name":"wp","href":"https:\/\/api.w.org\/{rel}","templated":true}]}}