{"id":5736,"date":"2025-09-30T12:34:38","date_gmt":"2025-09-30T11:34:38","guid":{"rendered":"https:\/\/www.ilmeloresidence.it\/covid-19-comment-y-faire-face\/"},"modified":"2025-12-04T17:02:15","modified_gmt":"2025-12-04T16:02:15","slug":"covid-19-comment-y-faire-face","status":"publish","type":"page","link":"https:\/\/www.ilmeloresidence.it\/fr\/covid-19-comment-y-faire-face\/","title":{"rendered":"Covid-19 \u2013 Comment y faire face?"},"content":{"rendered":"<p>[et_pb_section fb_built=\u00a0\u00bb1&Prime; fullwidth=\u00a0\u00bbon\u00a0\u00bb _builder_version=\u00a0\u00bb4.4.3&Prime;][et_pb_fullwidth_slider _builder_version=\u00a0\u00bb4.4.3&Prime; background_image=\u00a0\u00bbhttps:\/\/www.ilmeloresidence.it\/wp-content\/uploads\/2020\/05\/three-towels-on-brown-wooden-rack-3610006-scaled.jpg\u00a0\u00bb custom_padding=\u00a0\u00bb231px|91px||||\u00a0\u00bb box_shadow_style=\u00a0\u00bbpreset6&Prime; box_shadow_blur=\u00a0\u00bb10px\u00a0\u00bb box_shadow_color=\u00a0\u00bbrgba(0,0,0,0.1)\u00a0\u00bb button_text_size__hover_enabled=\u00a0\u00bboff\u00a0\u00bb button_one_text_size__hover_enabled=\u00a0\u00bboff\u00a0\u00bb button_two_text_size__hover_enabled=\u00a0\u00bboff\u00a0\u00bb button_text_color__hover_enabled=\u00a0\u00bboff\u00a0\u00bb button_one_text_color__hover_enabled=\u00a0\u00bboff\u00a0\u00bb button_two_text_color__hover_enabled=\u00a0\u00bboff\u00a0\u00bb button_border_width__hover_enabled=\u00a0\u00bboff\u00a0\u00bb button_one_border_width__hover_enabled=\u00a0\u00bboff\u00a0\u00bb button_two_border_width__hover_enabled=\u00a0\u00bboff\u00a0\u00bb button_border_color__hover_enabled=\u00a0\u00bboff\u00a0\u00bb button_one_border_color__hover_enabled=\u00a0\u00bboff\u00a0\u00bb button_two_border_color__hover_enabled=\u00a0\u00bboff\u00a0\u00bb button_border_radius__hover_enabled=\u00a0\u00bboff\u00a0\u00bb button_one_border_radius__hover_enabled=\u00a0\u00bboff\u00a0\u00bb button_two_border_radius__hover_enabled=\u00a0\u00bboff\u00a0\u00bb button_letter_spacing__hover_enabled=\u00a0\u00bboff\u00a0\u00bb button_one_letter_spacing__hover_enabled=\u00a0\u00bboff\u00a0\u00bb button_two_letter_spacing__hover_enabled=\u00a0\u00bboff\u00a0\u00bb button_bg_color__hover_enabled=\u00a0\u00bboff\u00a0\u00bb button_one_bg_color__hover_enabled=\u00a0\u00bboff\u00a0\u00bb button_two_bg_color__hover_enabled=\u00a0\u00bboff\u00a0\u00bb][et_pb_slide _builder_version=\u00a0\u00bb3.16&Prime; background_color=\u00a0\u00bb#ffffff\u00a0\u00bb button_text_size__hover_enabled=\u00a0\u00bboff\u00a0\u00bb button_one_text_size__hover_enabled=\u00a0\u00bboff\u00a0\u00bb button_two_text_size__hover_enabled=\u00a0\u00bboff\u00a0\u00bb button_text_color__hover_enabled=\u00a0\u00bboff\u00a0\u00bb button_one_text_color__hover_enabled=\u00a0\u00bboff\u00a0\u00bb button_two_text_color__hover_enabled=\u00a0\u00bboff\u00a0\u00bb button_border_width__hover_enabled=\u00a0\u00bboff\u00a0\u00bb button_one_border_width__hover_enabled=\u00a0\u00bboff\u00a0\u00bb button_two_border_width__hover_enabled=\u00a0\u00bboff\u00a0\u00bb button_border_color__hover_enabled=\u00a0\u00bboff\u00a0\u00bb button_one_border_color__hover_enabled=\u00a0\u00bboff\u00a0\u00bb button_two_border_color__hover_enabled=\u00a0\u00bboff\u00a0\u00bb button_border_radius__hover_enabled=\u00a0\u00bboff\u00a0\u00bb button_one_border_radius__hover_enabled=\u00a0\u00bboff\u00a0\u00bb button_two_border_radius__hover_enabled=\u00a0\u00bboff\u00a0\u00bb button_letter_spacing__hover_enabled=\u00a0\u00bboff\u00a0\u00bb button_one_letter_spacing__hover_enabled=\u00a0\u00bboff\u00a0\u00bb button_two_letter_spacing__hover_enabled=\u00a0\u00bboff\u00a0\u00bb button_bg_color__hover_enabled=\u00a0\u00bboff\u00a0\u00bb button_one_bg_color__hover_enabled=\u00a0\u00bboff\u00a0\u00bb button_two_bg_color__hover_enabled=\u00a0\u00bboff\u00a0\u00bb sticky_transition=\u00a0\u00bbon\u00a0\u00bb][\/et_pb_slide][\/et_pb_fullwidth_slider][\/et_pb_section][et_pb_section fb_built=\u00a0\u00bb1&Prime; module_id=\u00a0\u00bbhpsection\u00a0\u00bb _builder_version=\u00a0\u00bb3.22&Prime; parallax=\u00a0\u00bbon\u00a0\u00bb parallax_method=\u00a0\u00bboff\u00a0\u00bb custom_padding=\u00a0\u00bb0px|0px|0px|0px\u00a0\u00bb][et_pb_row module_class=\u00a0\u00bb et_pb_row_fullwidth\u00a0\u00bb _builder_version=\u00a0\u00bb3.25&Prime; width=\u00a0\u00bb100%\u00a0\u00bb width_tablet=\u00a0\u00bb100%\u00a0\u00bb width_phone=\u00a0\u00bb\u00a0\u00bb width_last_edited=\u00a0\u00bbon|desktop\u00a0\u00bb max_width=\u00a0\u00bb100%\u00a0\u00bb max_width_tablet=\u00a0\u00bb100%\u00a0\u00bb max_width_phone=\u00a0\u00bb\u00a0\u00bb max_width_last_edited=\u00a0\u00bbon|desktop\u00a0\u00bb custom_padding=\u00a0\u00bb2px|0px|0px|0px\u00a0\u00bb make_fullwidth=\u00a0\u00bbon\u00a0\u00bb][et_pb_column type=\u00a0\u00bb4_4&Prime; _builder_version=\u00a0\u00bb3.25&Prime; custom_padding=\u00a0\u00bb|||\u00a0\u00bb custom_padding__hover=\u00a0\u00bb|||\u00a0\u00bb][et_pb_text module_id=\u00a0\u00bbh1page\u00a0\u00bb _builder_version=\u00a0\u00bb3.27.4&Prime;]<\/p>\n<h1 style=\"text-align: center;\">Covid-19 \u2013 Comment y faire face?<\/h1>\n<p>[\/et_pb_text][\/et_pb_column][\/et_pb_row][et_pb_row module_class=\u00a0\u00bb et_pb_row_fullwidth\u00a0\u00bb _builder_version=\u00a0\u00bb3.25&Prime; background_size=\u00a0\u00bbcontain\u00a0\u00bb background_position=\u00a0\u00bbtop_right\u00a0\u00bb width=\u00a0\u00bb100%\u00a0\u00bb width_tablet=\u00a0\u00bb100%\u00a0\u00bb width_phone=\u00a0\u00bb\u00a0\u00bb width_last_edited=\u00a0\u00bbon|desktop\u00a0\u00bb max_width=\u00a0\u00bb100%\u00a0\u00bb max_width_tablet=\u00a0\u00bb100%\u00a0\u00bb max_width_phone=\u00a0\u00bb\u00a0\u00bb max_width_last_edited=\u00a0\u00bbon|desktop\u00a0\u00bb custom_padding=\u00a0\u00bb0|0px|0px|0px|false|false\u00a0\u00bb make_fullwidth=\u00a0\u00bbon\u00a0\u00bb][et_pb_column type=\u00a0\u00bb4_4&Prime; _builder_version=\u00a0\u00bb3.25&Prime; custom_padding=\u00a0\u00bb|||\u00a0\u00bb custom_padding__hover=\u00a0\u00bb|||\u00a0\u00bb][et_pb_divider show_divider=\u00a0\u00bboff\u00a0\u00bb _builder_version=\u00a0\u00bb3.2&Prime; custom_margin=\u00a0\u00bb||8px|||\u00a0\u00bb][\/et_pb_divider][et_pb_text module_id=\u00a0\u00bbhpsectiontext\u00a0\u00bb _builder_version=\u00a0\u00bb4.4.3&Prime;]<\/p>\n<p>Cher invit\u00e9,<\/p>\n<p>Comme vous le savez, 2020 nous a tous propuls\u00e9s dans un changement soudain de nos habitudes quotidiennes, que nous n&rsquo;aurions jamais imagin\u00e9.<\/p>\n<p>Nous connaissons et avons tous adopt\u00e9 des comportements qui nous incitent \u00e0 \u00eatre plus attentifs \u00e0 nous-m\u00eames et aux autres. Il est donc inutile d&rsquo;ajouter des recommandations \u00e0 ce que nous savons d\u00e9j\u00e0. Nous avons le plaisir et le devoir de vous informer de la gestion de cette situation \u00e0 notre R\u00e9sidence et de vous fournir quelques informations utiles.<\/p>\n<p>Pour faciliter votre arriv\u00e9e sur l&rsquo;\u00eele, nous vous recommandons de vous tenir inform\u00e9(e) des r\u00e9glementations en vigueur de la R\u00e9gion Sardaigne (<\/span><a href=\"http:\/\/www.regione.sardegna.it\" style=\"font-size: 16px;\">www.regione.sardegna.it<\/a><span style=\"font-size: 16px;\">).<\/span><\/p>\n<p>Nous avons donc \u00e9labor\u00e9 les <em>consignes sanitaires<\/em> suivantes, bas\u00e9es sur le <a href=\"https:\/\/www.albergo-magazine.it\/wp-content\/uploads\/2020\/04\/linee-guida-dellOMS-per-Alberghi-1.pdf\">communiqu\u00e9 de presse de l&rsquo;OMS du 31 mars 2020, sp\u00e9cifiquement destin\u00e9 au secteur h\u00f4telier.<\/p>\n<p>Vous trouverez ci-dessous des informations concernant l&rsquo;\u00e9tablissement, la r\u00e9ception et les formalit\u00e9s d&rsquo;arriv\u00e9e et de d\u00e9part, les \u00e9quipements de protection individuelle (EPI), les \u00e9quipements de protection collective (EPC), les op\u00e9rations de nettoyage et de d\u00e9sinfection, la blanchisserie et l&rsquo;\u00e9limination des d\u00e9chets.<\/p>\n<p>Il Melo se compose de 12 appartements de deux pi\u00e8ces, chacun avec salle de bain privative. Entr\u00e9e donnant sur la cour int\u00e9rieure ou sur le parking (privatif et \u00e0 l&rsquo;int\u00e9rieur de la r\u00e9sidence). Chaque appartement dispose d&rsquo;une chambre, d&rsquo;une salle de bain avec douche, d&rsquo;une cuisine \u00e9quip\u00e9e et d&rsquo;une terrasse\/patio priv\u00e9e.<\/p>\n<p>La propri\u00e9t\u00e9 permet aux h\u00f4tes d&rsquo;acc\u00e9der \u00e0 leur logement sans avoir \u00e0 traverser des espaces clos partag\u00e9s avec d&rsquo;autres h\u00f4tes.<\/p>\n<p>En cette p\u00e9riode d\u00e9licate, nous avons d\u00e9cid\u00e9 de minimiser l&rsquo;utilisation de tissus (tels que les rideaux, etc.), qui n\u00e9cessiteraient un entretien continu et complexe.<\/p>\n<p>Le linge de lit et les serviettes sont g\u00e9r\u00e9s et livr\u00e9s par la blanchisserie industrielle <em>Mareblu<\/em>, certifi\u00e9e ISO 9001. En bref, nous ne sommes peut-\u00eatre pas au meilleur de notre forme, mais aujourd&rsquo;hui plus que jamais, mieux vaut \u00eatre en bonne sant\u00e9 que beau\u00a0\ud83d\ude42<\/p>\n<p><strong style=\"color: #333333; font-family: 'Poiret One', display; font-size: 32px;\"><\/strong><\/p>\n<p><strong style=\"color: #333333; font-family: 'Poiret One', display; font-size: 32px;\">R\u00e9ception et enregistrement<\/strong><\/p>\n<p>Nous invitons nos clients \u00e0 utiliser la proc\u00e9dure d&rsquo;enregistrement automatique en envoyant leurs pi\u00e8ces d&rsquo;identit\u00e9 par e-mail ou via la messagerie instantan\u00e9e la plus courante, WhatsApp. Les paiements peuvent \u00eatre effectu\u00e9s par carte bancaire ou par virement bancaire.<\/p>\n<p>La proc\u00e9dure d&rsquo;enregistrement automatique est envoy\u00e9e lors de la r\u00e9servation. Les clients trouveront les cl\u00e9s directement dans l&rsquo;appartement r\u00e9serv\u00e9 et recevront les informations n\u00e9cessaires pour y acc\u00e9der et se rep\u00e9rer dans la propri\u00e9t\u00e9. L&rsquo;enregistrement traditionnel est possible de 16h00 \u00e0 19h00. Toute arriv\u00e9e en dehors de cette heure doit \u00eatre convenue au moins un jour avant l&rsquo;arriv\u00e9e.<\/p>\n<p>Le personnel de la r\u00e9ception portera des masques et des gants, ne serrera pas la main des clients et respectera la distance de s\u00e9curit\u00e9 recommand\u00e9e par les experts. Les clients doivent \u00e9galement prendre les m\u00eames pr\u00e9cautions.<\/p>\n<p><strong style=\"color: #333333; font-family: 'Poiret One', display; font-size: 32px;\">D\u00e9part<\/strong><\/p>\n<p>Vous pouvez lib\u00e9rer l&rsquo;h\u00f4tel de mani\u00e8re autonome et on vous indiquera o\u00f9 d\u00e9poser vos cl\u00e9s.<\/p>\n<p><strong style=\"color: #333333; font-family: 'Poiret One', display; font-size: 32px;\"><\/strong><\/p>\n<p><strong style=\"color: #333333; font-family: 'Poiret One', display; font-size: 32px;\">\u00c9quipement de protection individuelle<\/strong><\/p>\n<p><strong>Des gants jetables<\/strong> et des <strong>masques<\/strong> seront port\u00e9s par le personnel en permanence. \u00c0 l&rsquo;entr\u00e9e de la r\u00e9ception, vous trouverez un distributeur de d\u00e9sinfectant pour les mains. Le personnel de nettoyage utilisera des masques chirurgicaux ou FFP1\/2\/3 (selon la situation), des lunettes de protection et des gants.[\/et_pb_text][\/et_pb_column][\/et_pb_row][\/et_pb_section][et_pb_section fb_built=\u00a0\u00bb1&Prime; _builder_version=\u00a0\u00bb3.22&Prime; custom_padding=\u00a0\u00bb0px|0px|54px|0px\u00a0\u00bb][et_pb_row column_structure=\u00a0\u00bb1_4,1_2,1_4&Prime; module_class=\u00a0\u00bb et_pb_row_fullwidth\u00a0\u00bb _builder_version=\u00a0\u00bb3.25&Prime; width=\u00a0\u00bb100%\u00a0\u00bb width_tablet=\u00a0\u00bb100%\u00a0\u00bb width_phone=\u00a0\u00bb\u00a0\u00bb width_last_edited=\u00a0\u00bbon|desktop\u00a0\u00bb max_width=\u00a0\u00bb100%\u00a0\u00bb max_width_tablet=\u00a0\u00bb100%\u00a0\u00bb max_width_phone=\u00a0\u00bb\u00a0\u00bb max_width_last_edited=\u00a0\u00bbon|desktop\u00a0\u00bb custom_padding=\u00a0\u00bb27px|0px|0px|0px\u00a0\u00bb make_fullwidth=\u00a0\u00bbon\u00a0\u00bb][et_pb_column type=\u00a0\u00bb1_4&Prime; _builder_version=\u00a0\u00bb3.25&Prime; custom_padding=\u00a0\u00bb|||\u00a0\u00bb custom_padding__hover=\u00a0\u00bb|||\u00a0\u00bb][et_pb_testimonial portrait_url=\u00a0\u00bbhttps:\/\/www.ilmeloresidence.it\/wp-content\/uploads\/2018\/01\/Il-Melo-Residence-134&#215;134.png\u00a0\u00bb _builder_version=\u00a0\u00bb3.2&Prime;]<\/p>\n<p style=\"text-align: center;\">Nous vous attendons avec impatience dans notre R\u00e9sidence, pour un s\u00e9jour de d\u00e9tente entre mer et collines.<\/p>\n<p> \u00c0 Porto Torres, \u00e0 2,5 km de la mer.<\/p>\n<p>[\/et_pb_testimonial][et_pb_testimonial portrait_url=\u00a0\u00bbhttps:\/\/www.ilmeloresidence.it\/wp-content\/uploads\/2018\/01\/Il-Melo-Residence-134&#215;134.png\u00a0\u00bb _builder_version=\u00a0\u00bb3.2&Prime;]<\/p>\n<p style=\"text-align: center;\">Nous vous attendons avec impatience dans notre R\u00e9sidence, pour un s\u00e9jour de d\u00e9tente entre mer et collines.<\/p>\n<p> \u00c0 Porto Torres, \u00e0 2,5 km de la mer.<\/p>\n<p>[\/et_pb_testimonial][\/et_pb_column][et_pb_column type=\u00a0\u00bb1_2&Prime; _builder_version=\u00a0\u00bb3.25&Prime; custom_padding=\u00a0\u00bb|||\u00a0\u00bb custom_padding__hover=\u00a0\u00bb|||\u00a0\u00bb][et_pb_number_counter title=\u00a0\u00bbRAISONS DE NOUS CHOISIR \u00a0\u00bb number=\u00a0\u00bb5&Prime; percent_sign=\u00a0\u00bboff\u00a0\u00bb _builder_version=\u00a0\u00bb4.3.4&Prime;][\/et_pb_number_counter][\/et_pb_column][et_pb_column type=\u00a0\u00bb1_4&Prime; _builder_version=\u00a0\u00bb3.25&Prime; custom_padding=\u00a0\u00bb|||\u00a0\u00bb custom_padding__hover=\u00a0\u00bb|||\u00a0\u00bb][et_pb_text _builder_version=\u00a0\u00bb3.27.4&Prime;]<\/p>\n<ul>\n<li><strong>\u00c0 40 minutes d&rsquo;Alghero<\/strong><\/li>\n<li><strong>\u00c0 30 minutes de Sassari<\/strong><\/li>\n<li><strong>\u00c0 40 minutes de Stintino<\/strong><\/li>\n<li><b>\u00c0 10 minutes de la mer<\/b><\/li>\n<li><strong>Parking priv\u00e9 sur place<\/strong><\/li>\n<\/ul>\n<p>[\/et_pb_text][\/et_pb_column][\/et_pb_row][\/et_pb_section]<\/p>\n","protected":false},"excerpt":{"rendered":"<p>Covid-19 \u2013 Comment y faire face?Cher invit\u00e9, Comme vous le savez, 2020 nous a tous propuls\u00e9s dans un changement soudain de nos habitudes quotidiennes, que nous n&rsquo;aurions jamais imagin\u00e9. Nous connaissons et avons tous adopt\u00e9 des comportements qui nous incitent \u00e0 \u00eatre plus attentifs \u00e0 nous-m\u00eames et aux autres. Il est donc inutile d&rsquo;ajouter des [&hellip;]<\/p>\n","protected":false},"author":1,"featured_media":5737,"parent":0,"menu_order":0,"comment_status":"closed","ping_status":"closed","template":"","meta":{"_et_pb_use_builder":"on","_et_pb_old_content":"","_et_gb_content_width":"","footnotes":""},"class_list":["post-5736","page","type-page","status-publish","has-post-thumbnail","hentry"],"yoast_head":"<!-- This site is optimized with the Yoast SEO plugin v26.8 - https:\/\/yoast.com\/product\/yoast-seo-wordpress\/ -->\n<title>Covid-19 \u2013 Comment y faire face? - Il Melo Residence a Porto Torres<\/title>\n<meta name=\"description\" content=\"Comment nous sommes-nous organis\u00e9s pour faire face \u00e0 la COVID-19 dans notre \u00e9tablissement\u00a0? D\u00e9sinfection des appartements et pr\u00e9cautions \u00e0 prendre.\" \/>\n<meta name=\"robots\" content=\"index, follow, max-snippet:-1, max-image-preview:large, max-video-preview:-1\" \/>\n<link rel=\"canonical\" href=\"https:\/\/www.ilmeloresidence.it\/it\/covid-19-come-lo-affrontiamo\/\" \/>\n<meta property=\"og:locale\" content=\"fr_FR\" \/>\n<meta property=\"og:type\" content=\"article\" \/>\n<meta property=\"og:title\" content=\"Covid-19 \u2013 Comment y faire face?\" \/>\n<meta property=\"og:description\" content=\"Comment nous sommes-nous organis\u00e9s pour faire face \u00e0 la COVID-19 dans notre \u00e9tablissement\u00a0? D\u00e9sinfection des appartements et pr\u00e9cautions \u00e0 prendre.\" \/>\n<meta property=\"og:url\" content=\"https:\/\/www.ilmeloresidence.it\/it\/covid-19-come-lo-affrontiamo\/\" \/>\n<meta property=\"og:site_name\" content=\"Il Melo Residence a Porto Torres\" \/>\n<meta property=\"article:modified_time\" content=\"2025-12-04T16:02:15+00:00\" \/>\n<meta property=\"og:image\" content=\"https:\/\/www.ilmeloresidence.it\/wp-content\/uploads\/2020\/04\/Il-mio-post-28.jpg\" \/>\n<meta name=\"twitter:card\" content=\"summary_large_image\" \/>\n<meta name=\"twitter:label1\" content=\"Dur\u00e9e de lecture estim\u00e9e\" \/>\n\t<meta name=\"twitter:data1\" content=\"7 minutes\" \/>\n<script type=\"application\/ld+json\" class=\"yoast-schema-graph\">{\"@context\":\"https:\/\/schema.org\",\"@graph\":[{\"@type\":\"WebPage\",\"@id\":\"https:\/\/www.ilmeloresidence.it\/it\/covid-19-come-lo-affrontiamo\/\",\"url\":\"https:\/\/www.ilmeloresidence.it\/it\/covid-19-come-lo-affrontiamo\/\",\"name\":\"Covid-19 \u2013 Comment y faire face? - Il Melo Residence a Porto Torres\",\"isPartOf\":{\"@id\":\"https:\/\/www.ilmeloresidence.it\/it\/#website\"},\"primaryImageOfPage\":{\"@id\":\"https:\/\/www.ilmeloresidence.it\/it\/covid-19-come-lo-affrontiamo\/#primaryimage\"},\"image\":{\"@id\":\"https:\/\/www.ilmeloresidence.it\/it\/covid-19-come-lo-affrontiamo\/#primaryimage\"},\"thumbnailUrl\":\"https:\/\/www.ilmeloresidence.it\/wp-content\/uploads\/2020\/04\/Il-mio-post-28.jpg\",\"datePublished\":\"2025-09-30T11:34:38+00:00\",\"dateModified\":\"2025-12-04T16:02:15+00:00\",\"description\":\"Comment nous sommes-nous organis\u00e9s pour faire face \u00e0 la COVID-19 dans notre \u00e9tablissement\u00a0? D\u00e9sinfection des appartements et pr\u00e9cautions \u00e0 prendre.\",\"breadcrumb\":{\"@id\":\"https:\/\/www.ilmeloresidence.it\/it\/covid-19-come-lo-affrontiamo\/#breadcrumb\"},\"inLanguage\":\"fr-FR\",\"potentialAction\":[{\"@type\":\"ReadAction\",\"target\":[\"https:\/\/www.ilmeloresidence.it\/it\/covid-19-come-lo-affrontiamo\/\"]}]},{\"@type\":\"ImageObject\",\"inLanguage\":\"fr-FR\",\"@id\":\"https:\/\/www.ilmeloresidence.it\/it\/covid-19-come-lo-affrontiamo\/#primaryimage\",\"url\":\"https:\/\/www.ilmeloresidence.it\/wp-content\/uploads\/2020\/04\/Il-mio-post-28.jpg\",\"contentUrl\":\"https:\/\/www.ilmeloresidence.it\/wp-content\/uploads\/2020\/04\/Il-mio-post-28.jpg\",\"width\":1199,\"height\":628,\"caption\":\"Comportamenti e misure d' adottare per contrastare il Covid-19.\"},{\"@type\":\"BreadcrumbList\",\"@id\":\"https:\/\/www.ilmeloresidence.it\/it\/covid-19-come-lo-affrontiamo\/#breadcrumb\",\"itemListElement\":[{\"@type\":\"ListItem\",\"position\":1,\"name\":\"Home\",\"item\":\"https:\/\/www.ilmeloresidence.it\/fr\/page-daccueil\/\"},{\"@type\":\"ListItem\",\"position\":2,\"name\":\"Covid-19 \u2013 Comment y faire face?\"}]},{\"@type\":\"WebSite\",\"@id\":\"https:\/\/www.ilmeloresidence.it\/it\/#website\",\"url\":\"https:\/\/www.ilmeloresidence.it\/it\/\",\"name\":\"Il Melo Residence a Porto Torres\",\"description\":\"L&#039;accoglienza del Nord Sardegna\",\"potentialAction\":[{\"@type\":\"SearchAction\",\"target\":{\"@type\":\"EntryPoint\",\"urlTemplate\":\"https:\/\/www.ilmeloresidence.it\/it\/?s={search_term_string}\"},\"query-input\":{\"@type\":\"PropertyValueSpecification\",\"valueRequired\":true,\"valueName\":\"search_term_string\"}}],\"inLanguage\":\"fr-FR\"}]}<\/script>\n<!-- \/ Yoast SEO plugin. -->","yoast_head_json":{"title":"Covid-19 \u2013 Comment y faire face? - Il Melo Residence a Porto Torres","description":"Comment nous sommes-nous organis\u00e9s pour faire face \u00e0 la COVID-19 dans notre \u00e9tablissement\u00a0? D\u00e9sinfection des appartements et pr\u00e9cautions \u00e0 prendre.","robots":{"index":"index","follow":"follow","max-snippet":"max-snippet:-1","max-image-preview":"max-image-preview:large","max-video-preview":"max-video-preview:-1"},"canonical":"https:\/\/www.ilmeloresidence.it\/it\/covid-19-come-lo-affrontiamo\/","og_locale":"fr_FR","og_type":"article","og_title":"Covid-19 \u2013 Comment y faire face?","og_description":"Comment nous sommes-nous organis\u00e9s pour faire face \u00e0 la COVID-19 dans notre \u00e9tablissement\u00a0? D\u00e9sinfection des appartements et pr\u00e9cautions \u00e0 prendre.","og_url":"https:\/\/www.ilmeloresidence.it\/it\/covid-19-come-lo-affrontiamo\/","og_site_name":"Il Melo Residence a Porto Torres","article_modified_time":"2025-12-04T16:02:15+00:00","og_image":[{"url":"https:\/\/www.ilmeloresidence.it\/wp-content\/uploads\/2020\/04\/Il-mio-post-28.jpg","type":"","width":"","height":""}],"twitter_card":"summary_large_image","twitter_misc":{"Dur\u00e9e de lecture estim\u00e9e":"7 minutes"},"schema":{"@context":"https:\/\/schema.org","@graph":[{"@type":"WebPage","@id":"https:\/\/www.ilmeloresidence.it\/it\/covid-19-come-lo-affrontiamo\/","url":"https:\/\/www.ilmeloresidence.it\/it\/covid-19-come-lo-affrontiamo\/","name":"Covid-19 \u2013 Comment y faire face? - Il Melo Residence a Porto Torres","isPartOf":{"@id":"https:\/\/www.ilmeloresidence.it\/it\/#website"},"primaryImageOfPage":{"@id":"https:\/\/www.ilmeloresidence.it\/it\/covid-19-come-lo-affrontiamo\/#primaryimage"},"image":{"@id":"https:\/\/www.ilmeloresidence.it\/it\/covid-19-come-lo-affrontiamo\/#primaryimage"},"thumbnailUrl":"https:\/\/www.ilmeloresidence.it\/wp-content\/uploads\/2020\/04\/Il-mio-post-28.jpg","datePublished":"2025-09-30T11:34:38+00:00","dateModified":"2025-12-04T16:02:15+00:00","description":"Comment nous sommes-nous organis\u00e9s pour faire face \u00e0 la COVID-19 dans notre \u00e9tablissement\u00a0? D\u00e9sinfection des appartements et pr\u00e9cautions \u00e0 prendre.","breadcrumb":{"@id":"https:\/\/www.ilmeloresidence.it\/it\/covid-19-come-lo-affrontiamo\/#breadcrumb"},"inLanguage":"fr-FR","potentialAction":[{"@type":"ReadAction","target":["https:\/\/www.ilmeloresidence.it\/it\/covid-19-come-lo-affrontiamo\/"]}]},{"@type":"ImageObject","inLanguage":"fr-FR","@id":"https:\/\/www.ilmeloresidence.it\/it\/covid-19-come-lo-affrontiamo\/#primaryimage","url":"https:\/\/www.ilmeloresidence.it\/wp-content\/uploads\/2020\/04\/Il-mio-post-28.jpg","contentUrl":"https:\/\/www.ilmeloresidence.it\/wp-content\/uploads\/2020\/04\/Il-mio-post-28.jpg","width":1199,"height":628,"caption":"Comportamenti e misure d' adottare per contrastare il Covid-19."},{"@type":"BreadcrumbList","@id":"https:\/\/www.ilmeloresidence.it\/it\/covid-19-come-lo-affrontiamo\/#breadcrumb","itemListElement":[{"@type":"ListItem","position":1,"name":"Home","item":"https:\/\/www.ilmeloresidence.it\/fr\/page-daccueil\/"},{"@type":"ListItem","position":2,"name":"Covid-19 \u2013 Comment y faire face?"}]},{"@type":"WebSite","@id":"https:\/\/www.ilmeloresidence.it\/it\/#website","url":"https:\/\/www.ilmeloresidence.it\/it\/","name":"Il Melo Residence a Porto Torres","description":"L&#039;accoglienza del Nord Sardegna","potentialAction":[{"@type":"SearchAction","target":{"@type":"EntryPoint","urlTemplate":"https:\/\/www.ilmeloresidence.it\/it\/?s={search_term_string}"},"query-input":{"@type":"PropertyValueSpecification","valueRequired":true,"valueName":"search_term_string"}}],"inLanguage":"fr-FR"}]}},"_links":{"self":[{"href":"https:\/\/www.ilmeloresidence.it\/fr\/wp-json\/wp\/v2\/pages\/5736","targetHints":{"allow":["GET"]}}],"collection":[{"href":"https:\/\/www.ilmeloresidence.it\/fr\/wp-json\/wp\/v2\/pages"}],"about":[{"href":"https:\/\/www.ilmeloresidence.it\/fr\/wp-json\/wp\/v2\/types\/page"}],"author":[{"embeddable":true,"href":"https:\/\/www.ilmeloresidence.it\/fr\/wp-json\/wp\/v2\/users\/1"}],"replies":[{"embeddable":true,"href":"https:\/\/www.ilmeloresidence.it\/fr\/wp-json\/wp\/v2\/comments?post=5736"}],"version-history":[{"count":2,"href":"https:\/\/www.ilmeloresidence.it\/fr\/wp-json\/wp\/v2\/pages\/5736\/revisions"}],"predecessor-version":[{"id":5739,"href":"https:\/\/www.ilmeloresidence.it\/fr\/wp-json\/wp\/v2\/pages\/5736\/revisions\/5739"}],"wp:featuredmedia":[{"embeddable":true,"href":"https:\/\/www.ilmeloresidence.it\/fr\/wp-json\/wp\/v2\/media\/5737"}],"wp:attachment":[{"href":"https:\/\/www.ilmeloresidence.it\/fr\/wp-json\/wp\/v2\/media?parent=5736"}],"curies":[{"name":"wp","href":"https:\/\/api.w.org\/{rel}","templated":true}]}}