{"id":1508,"date":"2018-01-08T16:17:46","date_gmt":"2018-01-08T15:17:46","guid":{"rendered":"https:\/\/www.ilmeloresidence.it\/?page_id=1508"},"modified":"2021-02-10T17:32:44","modified_gmt":"2021-02-10T16:32:44","slug":"gli-appartamenti","status":"publish","type":"page","link":"https:\/\/www.ilmeloresidence.it\/it\/gli-appartamenti\/","title":{"rendered":"Gli appartamenti"},"content":{"rendered":"<p>[et_pb_section fb_built=&#8221;1&#8243; fullwidth=&#8221;on&#8221; _builder_version=&#8221;3.22&#8243; custom_padding=&#8221;0px|0px|0|0px|false|false&#8221;][et_pb_fullwidth_slider _builder_version=&#8221;3.19.5&#8243; background_image=&#8221;https:\/\/www.ilmeloresidence.it\/wp-content\/uploads\/2019\/01\/Suite-con-giardino-6.jpg&#8221; background_position=&#8221;bottom_center&#8221; box_shadow_style=&#8221;preset6&#8243; box_shadow_blur=&#8221;10px&#8221; box_shadow_color=&#8221;rgba(0,0,0,0.1)&#8221; button_text_size__hover_enabled=&#8221;off&#8221; button_text_size__hover=&#8221;null&#8221; button_one_text_size__hover_enabled=&#8221;off&#8221; button_one_text_size__hover=&#8221;null&#8221; button_two_text_size__hover_enabled=&#8221;off&#8221; button_two_text_size__hover=&#8221;null&#8221; button_text_color__hover_enabled=&#8221;off&#8221; button_text_color__hover=&#8221;null&#8221; button_one_text_color__hover_enabled=&#8221;off&#8221; button_one_text_color__hover=&#8221;null&#8221; button_two_text_color__hover_enabled=&#8221;off&#8221; button_two_text_color__hover=&#8221;null&#8221; button_border_width__hover_enabled=&#8221;off&#8221; button_border_width__hover=&#8221;null&#8221; button_one_border_width__hover_enabled=&#8221;off&#8221; button_one_border_width__hover=&#8221;null&#8221; button_two_border_width__hover_enabled=&#8221;off&#8221; button_two_border_width__hover=&#8221;null&#8221; button_border_color__hover_enabled=&#8221;off&#8221; button_border_color__hover=&#8221;null&#8221; button_one_border_color__hover_enabled=&#8221;off&#8221; button_one_border_color__hover=&#8221;null&#8221; button_two_border_color__hover_enabled=&#8221;off&#8221; button_two_border_color__hover=&#8221;null&#8221; button_border_radius__hover_enabled=&#8221;off&#8221; button_border_radius__hover=&#8221;null&#8221; button_one_border_radius__hover_enabled=&#8221;off&#8221; button_one_border_radius__hover=&#8221;null&#8221; button_two_border_radius__hover_enabled=&#8221;off&#8221; button_two_border_radius__hover=&#8221;null&#8221; button_letter_spacing__hover_enabled=&#8221;off&#8221; button_letter_spacing__hover=&#8221;null&#8221; button_one_letter_spacing__hover_enabled=&#8221;off&#8221; button_one_letter_spacing__hover=&#8221;null&#8221; button_two_letter_spacing__hover_enabled=&#8221;off&#8221; button_two_letter_spacing__hover=&#8221;null&#8221; button_bg_color__hover_enabled=&#8221;off&#8221; button_bg_color__hover=&#8221;null&#8221; button_one_bg_color__hover_enabled=&#8221;off&#8221; button_one_bg_color__hover=&#8221;null&#8221; button_two_bg_color__hover_enabled=&#8221;off&#8221; button_two_bg_color__hover=&#8221;null&#8221;][et_pb_slide _builder_version=&#8221;3.16&#8243; background_color=&#8221;#ffffff&#8221; button_text_size__hover_enabled=&#8221;off&#8221; button_one_text_size__hover_enabled=&#8221;off&#8221; button_two_text_size__hover_enabled=&#8221;off&#8221; button_text_color__hover_enabled=&#8221;off&#8221; button_one_text_color__hover_enabled=&#8221;off&#8221; button_two_text_color__hover_enabled=&#8221;off&#8221; button_border_width__hover_enabled=&#8221;off&#8221; button_one_border_width__hover_enabled=&#8221;off&#8221; button_two_border_width__hover_enabled=&#8221;off&#8221; button_border_color__hover_enabled=&#8221;off&#8221; button_one_border_color__hover_enabled=&#8221;off&#8221; button_two_border_color__hover_enabled=&#8221;off&#8221; button_border_radius__hover_enabled=&#8221;off&#8221; button_one_border_radius__hover_enabled=&#8221;off&#8221; button_two_border_radius__hover_enabled=&#8221;off&#8221; button_letter_spacing__hover_enabled=&#8221;off&#8221; button_one_letter_spacing__hover_enabled=&#8221;off&#8221; button_two_letter_spacing__hover_enabled=&#8221;off&#8221; button_bg_color__hover_enabled=&#8221;off&#8221; button_one_bg_color__hover_enabled=&#8221;off&#8221; button_two_bg_color__hover_enabled=&#8221;off&#8221; sticky_transition=&#8221;on&#8221;][\/et_pb_slide][\/et_pb_fullwidth_slider][\/et_pb_section][et_pb_section fb_built=&#8221;1&#8243; _builder_version=&#8221;3.22&#8243; parallax=&#8221;on&#8221; parallax_method=&#8221;off&#8221; custom_padding=&#8221;0px|0px|0px|0px&#8221;][et_pb_row _builder_version=&#8221;4.3.4&#8243; background_size=&#8221;contain&#8221; background_position=&#8221;top_right&#8221; max_width_tablet=&#8221;90%&#8221; max_width_phone=&#8221;&#8221; max_width_last_edited=&#8221;on|phone&#8221; custom_padding=&#8221;31px|0px|0|0px|false|false&#8221;][et_pb_column type=&#8221;4_4&#8243; _builder_version=&#8221;3.25&#8243; custom_padding=&#8221;|||&#8221; custom_padding__hover=&#8221;|||&#8221;][et_pb_text module_class=&#8221;verdeMela&#8221; _builder_version=&#8221;4.3.4&#8243; custom_margin=&#8221;||30px||false|false&#8221;]<\/p>\n<h2 style=\"text-align: center;\">Residence a Porto Torres con appartamenti indipendenti e Posto Auto<\/h2>\n<p>[\/et_pb_text][et_pb_text module_id=&#8221;hpsectiontext&#8221; _builder_version=&#8221;3.27.4&#8243; text_font=&#8221;ABeeZee||||||||&#8221; text_letter_spacing=&#8221;1px&#8221; text_line_height=&#8221;1.5em&#8221;]<\/p>\n<p><span style=\"font-weight: 400;\">Gli appartamenti del Melo godono di grande tranquillit\u00e0 e silenzio, grazie alla sua collocazione in un quartiere residenziale della cittadina. Nonostante la posizione defilata il centro citt\u00e0 dista appena 3 km e la Spiaggia di Balai a solo 2,5 km.<\/span><\/p>\n<p><span style=\"font-weight: 400;\">La propriet\u00e0 \u00e8 disposta su un unico livello,\u00a0 composta da 11 appartamenti bilocali e un monolocale, tutti curati nei dettagli e dotati di ogni comfort. Un patio interno e il salotto fuori dalla\u00a0 reception sono due accoglienti aree comuni dove potersi rilassare circondati da numerose piante e gradevoli angoli giardino. Non manca un\u2019 area barbecue condivisa, facilmente accessibile e sempre a disposizione degli ospiti.<\/span><\/p>\n<p><span style=\"font-weight: 400;\">Tutti gli alloggi dispongono di aria condizionata\/riscaldamento autonomi, connessione internet WiFi, televisore e parcheggio interno videosorvegliato.\u00a0<\/span><\/p>\n<p><span style=\"font-weight: 400;\">Per ogni appartamento viene fornita la biancheria completa per letto, bagno e cucina. Il cambio biancheria pu\u00f2 variare a seconda delle condizioni della prenotazione. La cucina \u00e8 composta da piano cottura, frigorifero, forno elettrico o microonde, macchina del caff\u00e8, un buon equipaggiamento tra stoviglie, piatti e batteria di pentole.\u00a0<\/span><\/p>\n<p><span style=\"font-weight: 400;\">La lavanderia \u00e8 un servizio disponibile in struttura, sar\u00e0 facile accordarsi qualunque giorno della settimana con la reception, durante gli orari di apertura, per il tuo lavaggio.<\/span><\/p>\n<p><span style=\"font-weight: 400;\">Gli appartamenti dispongono di una terrazza privata, arredata con tavolo e sedie per essere utilizzata nella bella stagione (dal 01\/04 al 31\/10) come living room e zona per il relax.\u00a0<\/span><\/p>\n<p>[\/et_pb_text][et_pb_text admin_label=&#8221;scegli appartamento&#8221; module_class=&#8221;verdeMela&#8221; _builder_version=&#8221;4.3.4&#8243;]<\/p>\n<p>&nbsp;<\/p>\n<h2 style=\"text-align: center;\">\u00a0Scegli il tuo Appartamento<\/h2>\n<p>[\/et_pb_text][\/et_pb_column][\/et_pb_row][\/et_pb_section][et_pb_section fb_built=&#8221;1&#8243; module_id=&#8221;camere&#8221; module_class=&#8221;bordi&#8221; _builder_version=&#8221;4.3.4&#8243; custom_margin=&#8221;-40px||&#8221; custom_padding=&#8221;19px|0px|54px|0px|false|false&#8221; global_module=&#8221;2099&#8243;][et_pb_row column_structure=&#8221;1_4,1_4,1_4,1_4&#8243; admin_label=&#8221;appartament riga1&#8243; module_class=&#8221;bordi et_pb_row_fullwidth&#8221; _builder_version=&#8221;3.25&#8243; width=&#8221;100%&#8221; width_tablet=&#8221;100%&#8221; width_phone=&#8221;&#8221; width_last_edited=&#8221;on|desktop&#8221; max_width=&#8221;100%&#8221; max_width_tablet=&#8221;100%&#8221; max_width_phone=&#8221;&#8221; max_width_last_edited=&#8221;on|desktop&#8221; custom_margin=&#8221;|||&#8221; custom_padding=&#8221;22px|0px|0|0px|false|false&#8221; make_fullwidth=&#8221;on&#8221;][et_pb_column type=&#8221;1_4&#8243; _builder_version=&#8221;3.25&#8243; custom_padding=&#8221;|0px|0px|0px&#8221; custom_padding__hover=&#8221;|||&#8221;][et_pb_cta button_url=&#8221;\/gli-appartamenti\/basic\/&#8221; button_text=&#8221;Basic&#8221; module_class=&#8221;apbordi1&#8243; _builder_version=&#8221;3.19.5&#8243; header_font=&#8221;||||||||&#8221; body_font=&#8221;||||||||&#8221; background_color=&#8221;rgba(255,255,255,0.28)&#8221; background_image=&#8221;https:\/\/www.ilmeloresidence.it\/wp-content\/uploads\/2019\/01\/basic-5.jpg&#8221; custom_button=&#8221;on&#8221; button_text_size=&#8221;20px&#8221; button_bg_color=&#8221;rgba(255,255,255,0)&#8221; button_border_width=&#8221;2px&#8221; button_border_color=&#8221;#ffffff&#8221; button_font=&#8221;||||||||&#8221; module_alignment=&#8221;center&#8221; custom_margin=&#8221;|||&#8221; custom_padding=&#8221;|||&#8221; border_color_all=&#8221;#ffffff&#8221; button_text_size__hover_enabled=&#8221;off&#8221; button_one_text_size__hover_enabled=&#8221;off&#8221; button_two_text_size__hover_enabled=&#8221;off&#8221; button_text_color__hover_enabled=&#8221;off&#8221; button_one_text_color__hover_enabled=&#8221;off&#8221; button_two_text_color__hover_enabled=&#8221;off&#8221; button_border_width__hover_enabled=&#8221;off&#8221; button_one_border_width__hover_enabled=&#8221;off&#8221; button_two_border_width__hover_enabled=&#8221;off&#8221; button_border_color__hover_enabled=&#8221;off&#8221; button_one_border_color__hover_enabled=&#8221;off&#8221; button_two_border_color__hover_enabled=&#8221;off&#8221; button_border_radius__hover_enabled=&#8221;off&#8221; button_one_border_radius__hover_enabled=&#8221;off&#8221; button_two_border_radius__hover_enabled=&#8221;off&#8221; button_letter_spacing__hover_enabled=&#8221;off&#8221; button_one_letter_spacing__hover_enabled=&#8221;off&#8221; button_two_letter_spacing__hover_enabled=&#8221;off&#8221; button_bg_color__hover_enabled=&#8221;off&#8221; button_one_bg_color__hover_enabled=&#8221;off&#8221; button_two_bg_color__hover_enabled=&#8221;off&#8221;][\/et_pb_cta][\/et_pb_column][et_pb_column type=&#8221;1_4&#8243; _builder_version=&#8221;3.25&#8243; custom_padding=&#8221;|0px|0px|0px&#8221; custom_padding__hover=&#8221;|||&#8221;][et_pb_cta button_url=&#8221;\/gli-appartamenti\/basic-con-patio\/&#8221; button_text=&#8221;Basic con patio&#8221; module_class=&#8221;apbordi2&#8243; _builder_version=&#8221;3.19.5&#8243; background_color=&#8221;#ffffff&#8221; background_image=&#8221;https:\/\/www.ilmeloresidence.it\/wp-content\/uploads\/2019\/01\/basic-con-patio-5.jpg&#8221; module_alignment=&#8221;center&#8221; button_text_size__hover_enabled=&#8221;off&#8221; button_one_text_size__hover_enabled=&#8221;off&#8221; button_two_text_size__hover_enabled=&#8221;off&#8221; button_text_color__hover_enabled=&#8221;off&#8221; button_one_text_color__hover_enabled=&#8221;off&#8221; button_two_text_color__hover_enabled=&#8221;off&#8221; button_border_width__hover_enabled=&#8221;off&#8221; button_one_border_width__hover_enabled=&#8221;off&#8221; button_two_border_width__hover_enabled=&#8221;off&#8221; button_border_color__hover_enabled=&#8221;off&#8221; button_one_border_color__hover_enabled=&#8221;off&#8221; button_two_border_color__hover_enabled=&#8221;off&#8221; button_border_radius__hover_enabled=&#8221;off&#8221; button_one_border_radius__hover_enabled=&#8221;off&#8221; button_two_border_radius__hover_enabled=&#8221;off&#8221; button_letter_spacing__hover_enabled=&#8221;off&#8221; button_one_letter_spacing__hover_enabled=&#8221;off&#8221; button_two_letter_spacing__hover_enabled=&#8221;off&#8221; button_bg_color__hover_enabled=&#8221;off&#8221; button_one_bg_color__hover_enabled=&#8221;off&#8221; button_two_bg_color__hover_enabled=&#8221;off&#8221;][\/et_pb_cta][\/et_pb_column][et_pb_column type=&#8221;1_4&#8243; _builder_version=&#8221;3.25&#8243; custom_padding=&#8221;|0px|0px|0px&#8221; custom_padding__hover=&#8221;|||&#8221;][et_pb_cta button_url=&#8221;\/gli-appartamenti\/studio-con-patio\/&#8221; button_text=&#8221;Studio con Patio&#8221; module_class=&#8221;apbordi3&#8243; _builder_version=&#8221;3.19.5&#8243; background_color=&#8221;#ffffff&#8221; background_image=&#8221;https:\/\/www.ilmeloresidence.it\/wp-content\/uploads\/2019\/01\/Studio-con-patio-2.jpg&#8221; module_alignment=&#8221;center&#8221; button_text_size__hover_enabled=&#8221;off&#8221; button_one_text_size__hover_enabled=&#8221;off&#8221; button_two_text_size__hover_enabled=&#8221;off&#8221; button_text_color__hover_enabled=&#8221;off&#8221; button_one_text_color__hover_enabled=&#8221;off&#8221; button_two_text_color__hover_enabled=&#8221;off&#8221; button_border_width__hover_enabled=&#8221;off&#8221; button_one_border_width__hover_enabled=&#8221;off&#8221; button_two_border_width__hover_enabled=&#8221;off&#8221; button_border_color__hover_enabled=&#8221;off&#8221; button_one_border_color__hover_enabled=&#8221;off&#8221; button_two_border_color__hover_enabled=&#8221;off&#8221; button_border_radius__hover_enabled=&#8221;off&#8221; button_one_border_radius__hover_enabled=&#8221;off&#8221; button_two_border_radius__hover_enabled=&#8221;off&#8221; button_letter_spacing__hover_enabled=&#8221;off&#8221; button_one_letter_spacing__hover_enabled=&#8221;off&#8221; button_two_letter_spacing__hover_enabled=&#8221;off&#8221; button_bg_color__hover_enabled=&#8221;off&#8221; button_one_bg_color__hover_enabled=&#8221;off&#8221; button_two_bg_color__hover_enabled=&#8221;off&#8221;][\/et_pb_cta][\/et_pb_column][et_pb_column type=&#8221;1_4&#8243; _builder_version=&#8221;3.25&#8243; custom_padding=&#8221;|0px|0px|0px&#8221; custom_padding__hover=&#8221;|||&#8221;][et_pb_cta button_url=&#8221;\/gli-appartamenti\/standard-con-patio\/&#8221; button_text=&#8221;Standard con Patio&#8221; module_class=&#8221;apbordi4&#8243; _builder_version=&#8221;3.19.5&#8243; background_color=&#8221;#ffffff&#8221; background_image=&#8221;https:\/\/www.ilmeloresidence.it\/wp-content\/uploads\/2019\/01\/standard-con-patio-5.jpg&#8221; module_alignment=&#8221;center&#8221; button_text_size__hover_enabled=&#8221;off&#8221; button_one_text_size__hover_enabled=&#8221;off&#8221; button_two_text_size__hover_enabled=&#8221;off&#8221; button_text_color__hover_enabled=&#8221;off&#8221; button_one_text_color__hover_enabled=&#8221;off&#8221; button_two_text_color__hover_enabled=&#8221;off&#8221; button_border_width__hover_enabled=&#8221;off&#8221; button_one_border_width__hover_enabled=&#8221;off&#8221; button_two_border_width__hover_enabled=&#8221;off&#8221; button_border_color__hover_enabled=&#8221;off&#8221; button_one_border_color__hover_enabled=&#8221;off&#8221; button_two_border_color__hover_enabled=&#8221;off&#8221; button_border_radius__hover_enabled=&#8221;off&#8221; button_one_border_radius__hover_enabled=&#8221;off&#8221; button_two_border_radius__hover_enabled=&#8221;off&#8221; button_letter_spacing__hover_enabled=&#8221;off&#8221; button_one_letter_spacing__hover_enabled=&#8221;off&#8221; button_two_letter_spacing__hover_enabled=&#8221;off&#8221; button_bg_color__hover_enabled=&#8221;off&#8221; button_one_bg_color__hover_enabled=&#8221;off&#8221; button_two_bg_color__hover_enabled=&#8221;off&#8221;][\/et_pb_cta][\/et_pb_column][\/et_pb_row][et_pb_row column_structure=&#8221;1_4,1_4,1_4,1_4&#8243; admin_label=&#8221;appartamenti riga2&#8243; module_class=&#8221;bordi et_pb_row_fullwidth&#8221; _builder_version=&#8221;3.25&#8243; width=&#8221;100%&#8221; width_tablet=&#8221;100%&#8221; width_phone=&#8221;&#8221; width_last_edited=&#8221;on|desktop&#8221; max_width=&#8221;100%&#8221; max_width_tablet=&#8221;100%&#8221; max_width_phone=&#8221;&#8221; max_width_last_edited=&#8221;on|desktop&#8221; custom_padding=&#8221;0px|0px|0px|0px&#8221; make_fullwidth=&#8221;on&#8221;][et_pb_column type=&#8221;1_4&#8243; _builder_version=&#8221;3.25&#8243; custom_padding=&#8221;|||&#8221; custom_padding__hover=&#8221;|||&#8221;][et_pb_cta button_url=&#8221;\/gli-appartamenti\/standard-con-patio-interno\/&#8221; button_text=&#8221;Standard con Patio interno&#8221; module_class=&#8221;apbordi5&#8243; _builder_version=&#8221;3.19.5&#8243; background_color=&#8221;#ffffff&#8221; background_image=&#8221;https:\/\/www.ilmeloresidence.it\/wp-content\/uploads\/2019\/01\/Standard-con-patio-interno-5.jpg&#8221; module_alignment=&#8221;center&#8221; custom_margin=&#8221;|||&#8221; custom_padding=&#8221;|||&#8221; button_text_size__hover_enabled=&#8221;off&#8221; button_one_text_size__hover_enabled=&#8221;off&#8221; button_two_text_size__hover_enabled=&#8221;off&#8221; button_text_color__hover_enabled=&#8221;off&#8221; button_one_text_color__hover_enabled=&#8221;off&#8221; button_two_text_color__hover_enabled=&#8221;off&#8221; button_border_width__hover_enabled=&#8221;off&#8221; button_one_border_width__hover_enabled=&#8221;off&#8221; button_two_border_width__hover_enabled=&#8221;off&#8221; button_border_color__hover_enabled=&#8221;off&#8221; button_one_border_color__hover_enabled=&#8221;off&#8221; button_two_border_color__hover_enabled=&#8221;off&#8221; button_border_radius__hover_enabled=&#8221;off&#8221; button_one_border_radius__hover_enabled=&#8221;off&#8221; button_two_border_radius__hover_enabled=&#8221;off&#8221; button_letter_spacing__hover_enabled=&#8221;off&#8221; button_one_letter_spacing__hover_enabled=&#8221;off&#8221; button_two_letter_spacing__hover_enabled=&#8221;off&#8221; button_bg_color__hover_enabled=&#8221;off&#8221; button_one_bg_color__hover_enabled=&#8221;off&#8221; button_two_bg_color__hover_enabled=&#8221;off&#8221;][\/et_pb_cta][\/et_pb_column][et_pb_column type=&#8221;1_4&#8243; _builder_version=&#8221;3.25&#8243; custom_padding=&#8221;|||&#8221; custom_padding__hover=&#8221;|||&#8221;][et_pb_cta button_url=&#8221;\/gli-appartamenti\/superior-con-terrazza\/&#8221; button_text=&#8221;Superior con Terrazza&#8221; module_class=&#8221;apbordi6&#8243; _builder_version=&#8221;3.19.5&#8243; background_color=&#8221;#ffffff&#8221; background_image=&#8221;https:\/\/www.ilmeloresidence.it\/wp-content\/uploads\/2019\/01\/Superior-con-terrazza-2.jpg&#8221; module_alignment=&#8221;center&#8221; button_text_size__hover_enabled=&#8221;off&#8221; button_one_text_size__hover_enabled=&#8221;off&#8221; button_two_text_size__hover_enabled=&#8221;off&#8221; button_text_color__hover_enabled=&#8221;off&#8221; button_one_text_color__hover_enabled=&#8221;off&#8221; button_two_text_color__hover_enabled=&#8221;off&#8221; button_border_width__hover_enabled=&#8221;off&#8221; button_one_border_width__hover_enabled=&#8221;off&#8221; button_two_border_width__hover_enabled=&#8221;off&#8221; button_border_color__hover_enabled=&#8221;off&#8221; button_one_border_color__hover_enabled=&#8221;off&#8221; button_two_border_color__hover_enabled=&#8221;off&#8221; button_border_radius__hover_enabled=&#8221;off&#8221; button_one_border_radius__hover_enabled=&#8221;off&#8221; button_two_border_radius__hover_enabled=&#8221;off&#8221; button_letter_spacing__hover_enabled=&#8221;off&#8221; button_one_letter_spacing__hover_enabled=&#8221;off&#8221; button_two_letter_spacing__hover_enabled=&#8221;off&#8221; button_bg_color__hover_enabled=&#8221;off&#8221; button_one_bg_color__hover_enabled=&#8221;off&#8221; button_two_bg_color__hover_enabled=&#8221;off&#8221;][\/et_pb_cta][\/et_pb_column][et_pb_column type=&#8221;1_4&#8243; _builder_version=&#8221;3.25&#8243; custom_padding=&#8221;|||&#8221; custom_padding__hover=&#8221;|||&#8221;][et_pb_cta button_url=&#8221;\/gli-appartamenti\/suite-con-terrazza-grande\/&#8221; button_text=&#8221;Suite con Terrazza Grande&#8221; module_class=&#8221;apbordi7&#8243; _builder_version=&#8221;3.19.5&#8243; background_color=&#8221;#ffffff&#8221; background_image=&#8221;https:\/\/www.ilmeloresidence.it\/wp-content\/uploads\/2019\/01\/Suite-con-grande-terrazza-4.jpg&#8221; module_alignment=&#8221;center&#8221; button_text_size__hover_enabled=&#8221;off&#8221; button_one_text_size__hover_enabled=&#8221;off&#8221; button_two_text_size__hover_enabled=&#8221;off&#8221; button_text_color__hover_enabled=&#8221;off&#8221; button_one_text_color__hover_enabled=&#8221;off&#8221; button_two_text_color__hover_enabled=&#8221;off&#8221; button_border_width__hover_enabled=&#8221;off&#8221; button_one_border_width__hover_enabled=&#8221;off&#8221; button_two_border_width__hover_enabled=&#8221;off&#8221; button_border_color__hover_enabled=&#8221;off&#8221; button_one_border_color__hover_enabled=&#8221;off&#8221; button_two_border_color__hover_enabled=&#8221;off&#8221; button_border_radius__hover_enabled=&#8221;off&#8221; button_one_border_radius__hover_enabled=&#8221;off&#8221; button_two_border_radius__hover_enabled=&#8221;off&#8221; button_letter_spacing__hover_enabled=&#8221;off&#8221; button_one_letter_spacing__hover_enabled=&#8221;off&#8221; button_two_letter_spacing__hover_enabled=&#8221;off&#8221; button_bg_color__hover_enabled=&#8221;off&#8221; button_one_bg_color__hover_enabled=&#8221;off&#8221; button_two_bg_color__hover_enabled=&#8221;off&#8221;][\/et_pb_cta][\/et_pb_column][et_pb_column type=&#8221;1_4&#8243; _builder_version=&#8221;3.25&#8243; custom_padding=&#8221;|||&#8221; custom_padding__hover=&#8221;|||&#8221;][et_pb_cta button_url=&#8221;\/gli-appartamenti\/suite-con-terrazza-e-giardino\/&#8221; button_text=&#8221;Suite con Terrazza e giardino&#8221; module_class=&#8221;apbordi8&#8243; _builder_version=&#8221;3.19.5&#8243; background_color=&#8221;#ffffff&#8221; background_image=&#8221;https:\/\/www.ilmeloresidence.it\/wp-content\/uploads\/2019\/01\/Suite-con-giardino-4.jpg&#8221; module_alignment=&#8221;center&#8221; button_text_size__hover_enabled=&#8221;off&#8221; button_one_text_size__hover_enabled=&#8221;off&#8221; button_two_text_size__hover_enabled=&#8221;off&#8221; button_text_color__hover_enabled=&#8221;off&#8221; button_one_text_color__hover_enabled=&#8221;off&#8221; button_two_text_color__hover_enabled=&#8221;off&#8221; button_border_width__hover_enabled=&#8221;off&#8221; button_one_border_width__hover_enabled=&#8221;off&#8221; button_two_border_width__hover_enabled=&#8221;off&#8221; button_border_color__hover_enabled=&#8221;off&#8221; button_one_border_color__hover_enabled=&#8221;off&#8221; button_two_border_color__hover_enabled=&#8221;off&#8221; button_border_radius__hover_enabled=&#8221;off&#8221; button_one_border_radius__hover_enabled=&#8221;off&#8221; button_two_border_radius__hover_enabled=&#8221;off&#8221; button_letter_spacing__hover_enabled=&#8221;off&#8221; button_one_letter_spacing__hover_enabled=&#8221;off&#8221; button_two_letter_spacing__hover_enabled=&#8221;off&#8221; button_bg_color__hover_enabled=&#8221;off&#8221; button_one_bg_color__hover_enabled=&#8221;off&#8221; button_two_bg_color__hover_enabled=&#8221;off&#8221;][\/et_pb_cta][\/et_pb_column][\/et_pb_row][et_pb_row module_class=&#8221; et_pb_row_fullwidth&#8221; _builder_version=&#8221;3.25&#8243; width=&#8221;100%&#8221; width_tablet=&#8221;100%&#8221; width_phone=&#8221;&#8221; width_last_edited=&#8221;on|desktop&#8221; max_width=&#8221;100%&#8221; max_width_tablet=&#8221;100%&#8221; max_width_phone=&#8221;&#8221; max_width_last_edited=&#8221;on|desktop&#8221; animation_style=&#8221;slide&#8221; make_fullwidth=&#8221;on&#8221;][et_pb_column type=&#8221;4_4&#8243; _builder_version=&#8221;3.25&#8243; custom_padding=&#8221;|||&#8221; custom_padding__hover=&#8221;|||&#8221;][et_pb_cta title=&#8221;Al tuo servizio per la tua vacanza a Porto Torres&#8221; button_url=&#8221;\/contatti&#8221; button_text=&#8221;Prenota la tua vacanza&#8221; module_class=&#8221;fondoChiaro&#8221; _builder_version=&#8221;4.3.4&#8243; use_background_color=&#8221;off&#8221; background_layout=&#8221;light&#8221; button_text_size__hover_enabled=&#8221;off&#8221; button_one_text_size__hover_enabled=&#8221;off&#8221; button_two_text_size__hover_enabled=&#8221;off&#8221; button_text_color__hover_enabled=&#8221;off&#8221; button_one_text_color__hover_enabled=&#8221;off&#8221; button_two_text_color__hover_enabled=&#8221;off&#8221; button_border_width__hover_enabled=&#8221;off&#8221; button_one_border_width__hover_enabled=&#8221;off&#8221; button_two_border_width__hover_enabled=&#8221;off&#8221; button_border_color__hover_enabled=&#8221;off&#8221; button_one_border_color__hover_enabled=&#8221;off&#8221; button_two_border_color__hover_enabled=&#8221;off&#8221; button_border_radius__hover_enabled=&#8221;off&#8221; button_one_border_radius__hover_enabled=&#8221;off&#8221; button_two_border_radius__hover_enabled=&#8221;off&#8221; button_letter_spacing__hover_enabled=&#8221;off&#8221; button_one_letter_spacing__hover_enabled=&#8221;off&#8221; button_two_letter_spacing__hover_enabled=&#8221;off&#8221; button_bg_color__hover_enabled=&#8221;off&#8221; button_one_bg_color__hover_enabled=&#8221;off&#8221; button_two_bg_color__hover_enabled=&#8221;off&#8221;]<\/p>\n<p>Chiamaci al\u00a0 <strong>+39 079 513834<\/strong><strong>\u00a0<\/strong>o al\u00a0<strong> +39 340 3109345<\/strong>\u00a0o scrivici a <a href=\"mailto:info@ilmeloresidence.it\">info@ilmeloresidence.it<\/a><\/p>\n<p>[\/et_pb_cta][\/et_pb_column][\/et_pb_row][\/et_pb_section]<\/p>\n","protected":false},"excerpt":{"rendered":"<p>Residence a Porto Torres con appartamenti indipendenti e Posto Auto Gli appartamenti del Melo godono di grande tranquillit\u00e0 e silenzio, grazie alla sua collocazione in un quartiere residenziale della cittadina. Nonostante la posizione defilata il centro citt\u00e0 dista appena 3 km e la Spiaggia di Balai a solo 2,5 km. La propriet\u00e0 \u00e8 disposta su [&hellip;]<\/p>\n","protected":false},"author":1,"featured_media":0,"parent":0,"menu_order":0,"comment_status":"closed","ping_status":"closed","template":"","meta":{"_et_pb_use_builder":"on","_et_pb_old_content":"<p>[et_pb_section bb_built=\"1\"][et_pb_row make_fullwidth=\"on\" custom_padding=\"0px|0px|0px|0px\" _builder_version=\"3.0.80\"][et_pb_column type=\"1_3\"][et_pb_cta title=\"Bilocale con letto Matrimoniale\" button_url=\"https:\/\/www.ilmeloresidence.it\/bilocale-con-letto-matrimoniale\/\" button_text=\"Vedi l'appartamento\" _builder_version=\"3.0.80\" background_image=\"https:\/\/www.ilmeloresidence.it\/wp-content\/uploads\/2009\/10\/MG_4208b-ridotta.jpg\" module_alignment=\"center\" url_new_window=\"off\" use_background_color=\"on\" background_layout=\"dark\" border_style=\"solid\" custom_button=\"off\" button_letter_spacing=\"0\" button_icon_placement=\"right\" button_letter_spacing_hover=\"0\" \/][\/et_pb_column][et_pb_column type=\"1_3\"][et_pb_cta title=\"Bilocale con letto Francese\" button_url=\"https:\/\/www.ilmeloresidence.it\/bilocale-con-letto-francese\/\" button_text=\"Vedi l'appartamento\" _builder_version=\"3.0.80\" background_image=\"https:\/\/www.ilmeloresidence.it\/wp-content\/uploads\/2010\/11\/MG_4273b-ridotta.jpg\" module_alignment=\"center\" url_new_window=\"off\" use_background_color=\"on\" background_layout=\"dark\" border_style=\"solid\" custom_button=\"off\" button_letter_spacing=\"0\" button_icon_placement=\"right\" button_letter_spacing_hover=\"0\" \/][\/et_pb_column][et_pb_column type=\"1_3\"][et_pb_cta title=\"Le spiagge\" button_url=\"https:\/\/www.ilmeloresidence.it\/home-page\/il-residence\/appartamenti\/\" button_text=\"Aria di Mare e Relax \" _builder_version=\"3.0.80\" background_image=\"https:\/\/www.ilmeloresidence.it\/wp-content\/uploads\/2017\/10\/tramonto-sardegna.jpg\" module_alignment=\"center\" \/][\/et_pb_column][\/et_pb_row][\/et_pb_section]<\/p>","_et_gb_content_width":"","footnotes":""},"class_list":["post-1508","page","type-page","status-publish","hentry"],"yoast_head":"<!-- This site is optimized with the Yoast SEO plugin v26.8 - https:\/\/yoast.com\/product\/yoast-seo-wordpress\/ -->\n<title>Gli appartamenti - Il Melo Residence a Porto Torres<\/title>\n<meta name=\"robots\" content=\"index, follow, max-snippet:-1, max-image-preview:large, max-video-preview:-1\" \/>\n<link rel=\"canonical\" href=\"https:\/\/www.ilmeloresidence.it\/it\/gli-appartamenti\/\" \/>\n<meta property=\"og:locale\" content=\"it_IT\" \/>\n<meta property=\"og:type\" content=\"article\" \/>\n<meta property=\"og:title\" content=\"Gli appartamenti - Il Melo Residence a Porto Torres\" \/>\n<meta property=\"og:description\" content=\"Residence a Porto Torres con appartamenti indipendenti e Posto Auto Gli appartamenti del Melo godono di grande tranquillit\u00e0 e silenzio, grazie alla sua collocazione in un quartiere residenziale della cittadina. Nonostante la posizione defilata il centro citt\u00e0 dista appena 3 km e la Spiaggia di Balai a solo 2,5 km. La propriet\u00e0 \u00e8 disposta su [&hellip;]\" \/>\n<meta property=\"og:url\" content=\"https:\/\/www.ilmeloresidence.it\/it\/gli-appartamenti\/\" \/>\n<meta property=\"og:site_name\" content=\"Il Melo Residence a Porto Torres\" \/>\n<meta property=\"article:modified_time\" content=\"2021-02-10T16:32:44+00:00\" \/>\n<meta name=\"twitter:card\" content=\"summary_large_image\" \/>\n<meta name=\"twitter:label1\" content=\"Tempo di lettura stimato\" \/>\n\t<meta name=\"twitter:data1\" content=\"14 minuti\" \/>\n<script type=\"application\/ld+json\" class=\"yoast-schema-graph\">{\"@context\":\"https:\/\/schema.org\",\"@graph\":[{\"@type\":\"WebPage\",\"@id\":\"https:\/\/www.ilmeloresidence.it\/it\/gli-appartamenti\/\",\"url\":\"https:\/\/www.ilmeloresidence.it\/it\/gli-appartamenti\/\",\"name\":\"Gli appartamenti - Il Melo Residence a Porto Torres\",\"isPartOf\":{\"@id\":\"https:\/\/www.ilmeloresidence.it\/it\/#website\"},\"datePublished\":\"2018-01-08T15:17:46+00:00\",\"dateModified\":\"2021-02-10T16:32:44+00:00\",\"breadcrumb\":{\"@id\":\"https:\/\/www.ilmeloresidence.it\/it\/gli-appartamenti\/#breadcrumb\"},\"inLanguage\":\"it-IT\",\"potentialAction\":[{\"@type\":\"ReadAction\",\"target\":[\"https:\/\/www.ilmeloresidence.it\/it\/gli-appartamenti\/\"]}]},{\"@type\":\"BreadcrumbList\",\"@id\":\"https:\/\/www.ilmeloresidence.it\/it\/gli-appartamenti\/#breadcrumb\",\"itemListElement\":[{\"@type\":\"ListItem\",\"position\":1,\"name\":\"Home\",\"item\":\"https:\/\/www.ilmeloresidence.it\/it\/\"},{\"@type\":\"ListItem\",\"position\":2,\"name\":\"Gli appartamenti\"}]},{\"@type\":\"WebSite\",\"@id\":\"https:\/\/www.ilmeloresidence.it\/it\/#website\",\"url\":\"https:\/\/www.ilmeloresidence.it\/it\/\",\"name\":\"Il Melo Residence a Porto Torres\",\"description\":\"L&#039;accoglienza del Nord Sardegna\",\"potentialAction\":[{\"@type\":\"SearchAction\",\"target\":{\"@type\":\"EntryPoint\",\"urlTemplate\":\"https:\/\/www.ilmeloresidence.it\/it\/?s={search_term_string}\"},\"query-input\":{\"@type\":\"PropertyValueSpecification\",\"valueRequired\":true,\"valueName\":\"search_term_string\"}}],\"inLanguage\":\"it-IT\"}]}<\/script>\n<!-- \/ Yoast SEO plugin. -->","yoast_head_json":{"title":"Gli appartamenti - Il Melo Residence a Porto Torres","robots":{"index":"index","follow":"follow","max-snippet":"max-snippet:-1","max-image-preview":"max-image-preview:large","max-video-preview":"max-video-preview:-1"},"canonical":"https:\/\/www.ilmeloresidence.it\/it\/gli-appartamenti\/","og_locale":"it_IT","og_type":"article","og_title":"Gli appartamenti - Il Melo Residence a Porto Torres","og_description":"Residence a Porto Torres con appartamenti indipendenti e Posto Auto Gli appartamenti del Melo godono di grande tranquillit\u00e0 e silenzio, grazie alla sua collocazione in un quartiere residenziale della cittadina. Nonostante la posizione defilata il centro citt\u00e0 dista appena 3 km e la Spiaggia di Balai a solo 2,5 km. La propriet\u00e0 \u00e8 disposta su [&hellip;]","og_url":"https:\/\/www.ilmeloresidence.it\/it\/gli-appartamenti\/","og_site_name":"Il Melo Residence a Porto Torres","article_modified_time":"2021-02-10T16:32:44+00:00","twitter_card":"summary_large_image","twitter_misc":{"Tempo di lettura stimato":"14 minuti"},"schema":{"@context":"https:\/\/schema.org","@graph":[{"@type":"WebPage","@id":"https:\/\/www.ilmeloresidence.it\/it\/gli-appartamenti\/","url":"https:\/\/www.ilmeloresidence.it\/it\/gli-appartamenti\/","name":"Gli appartamenti - Il Melo Residence a Porto Torres","isPartOf":{"@id":"https:\/\/www.ilmeloresidence.it\/it\/#website"},"datePublished":"2018-01-08T15:17:46+00:00","dateModified":"2021-02-10T16:32:44+00:00","breadcrumb":{"@id":"https:\/\/www.ilmeloresidence.it\/it\/gli-appartamenti\/#breadcrumb"},"inLanguage":"it-IT","potentialAction":[{"@type":"ReadAction","target":["https:\/\/www.ilmeloresidence.it\/it\/gli-appartamenti\/"]}]},{"@type":"BreadcrumbList","@id":"https:\/\/www.ilmeloresidence.it\/it\/gli-appartamenti\/#breadcrumb","itemListElement":[{"@type":"ListItem","position":1,"name":"Home","item":"https:\/\/www.ilmeloresidence.it\/it\/"},{"@type":"ListItem","position":2,"name":"Gli appartamenti"}]},{"@type":"WebSite","@id":"https:\/\/www.ilmeloresidence.it\/it\/#website","url":"https:\/\/www.ilmeloresidence.it\/it\/","name":"Il Melo Residence a Porto Torres","description":"L&#039;accoglienza del Nord Sardegna","potentialAction":[{"@type":"SearchAction","target":{"@type":"EntryPoint","urlTemplate":"https:\/\/www.ilmeloresidence.it\/it\/?s={search_term_string}"},"query-input":{"@type":"PropertyValueSpecification","valueRequired":true,"valueName":"search_term_string"}}],"inLanguage":"it-IT"}]}},"_links":{"self":[{"href":"https:\/\/www.ilmeloresidence.it\/it\/wp-json\/wp\/v2\/pages\/1508","targetHints":{"allow":["GET"]}}],"collection":[{"href":"https:\/\/www.ilmeloresidence.it\/it\/wp-json\/wp\/v2\/pages"}],"about":[{"href":"https:\/\/www.ilmeloresidence.it\/it\/wp-json\/wp\/v2\/types\/page"}],"author":[{"embeddable":true,"href":"https:\/\/www.ilmeloresidence.it\/it\/wp-json\/wp\/v2\/users\/1"}],"replies":[{"embeddable":true,"href":"https:\/\/www.ilmeloresidence.it\/it\/wp-json\/wp\/v2\/comments?post=1508"}],"version-history":[{"count":42,"href":"https:\/\/www.ilmeloresidence.it\/it\/wp-json\/wp\/v2\/pages\/1508\/revisions"}],"predecessor-version":[{"id":4405,"href":"https:\/\/www.ilmeloresidence.it\/it\/wp-json\/wp\/v2\/pages\/1508\/revisions\/4405"}],"wp:attachment":[{"href":"https:\/\/www.ilmeloresidence.it\/it\/wp-json\/wp\/v2\/media?parent=1508"}],"curies":[{"name":"wp","href":"https:\/\/api.w.org\/{rel}","templated":true}]}}