{"id":1555,"date":"2018-02-11T15:30:31","date_gmt":"2018-02-11T14:30:31","guid":{"rendered":"https:\/\/www.ilmeloresidence.it\/il-residence-copy\/"},"modified":"2026-02-23T15:46:01","modified_gmt":"2026-02-23T14:46:01","slug":"servizi","status":"publish","type":"page","link":"https:\/\/www.ilmeloresidence.it\/it\/servizi\/","title":{"rendered":"Servizi"},"content":{"rendered":"<p>[et_pb_section fb_built=&#8221;1&#8243; fullwidth=&#8221;on&#8221; _builder_version=&#8221;4.16&#8243; global_colors_info=&#8221;{}&#8221;][et_pb_fullwidth_slider _builder_version=&#8221;4.16&#8243; background_image=&#8221;https:\/\/www.ilmeloresidence.it\/wp-content\/uploads\/2017\/12\/MG_4273b-ridotta.jpg&#8221; box_shadow_style=&#8221;preset6&#8243; box_shadow_blur=&#8221;10px&#8221; box_shadow_color=&#8221;rgba(0,0,0,0.1)&#8221; global_colors_info=&#8221;{}&#8221; button_text_size__hover_enabled=&#8221;off&#8221; button_one_text_size__hover_enabled=&#8221;off&#8221; button_two_text_size__hover_enabled=&#8221;off&#8221; button_text_color__hover_enabled=&#8221;off&#8221; button_one_text_color__hover_enabled=&#8221;off&#8221; button_two_text_color__hover_enabled=&#8221;off&#8221; button_border_width__hover_enabled=&#8221;off&#8221; button_one_border_width__hover_enabled=&#8221;off&#8221; button_two_border_width__hover_enabled=&#8221;off&#8221; button_border_color__hover_enabled=&#8221;off&#8221; button_one_border_color__hover_enabled=&#8221;off&#8221; button_two_border_color__hover_enabled=&#8221;off&#8221; button_border_radius__hover_enabled=&#8221;off&#8221; button_one_border_radius__hover_enabled=&#8221;off&#8221; button_two_border_radius__hover_enabled=&#8221;off&#8221; button_letter_spacing__hover_enabled=&#8221;off&#8221; button_one_letter_spacing__hover_enabled=&#8221;off&#8221; button_two_letter_spacing__hover_enabled=&#8221;off&#8221; button_bg_color__hover_enabled=&#8221;off&#8221; button_one_bg_color__hover_enabled=&#8221;off&#8221; button_two_bg_color__hover_enabled=&#8221;off&#8221;][et_pb_slide _builder_version=&#8221;4.16&#8243; background_color=&#8221;#ffffff&#8221; global_colors_info=&#8221;{}&#8221; button_text_size__hover_enabled=&#8221;off&#8221; button_one_text_size__hover_enabled=&#8221;off&#8221; button_two_text_size__hover_enabled=&#8221;off&#8221; button_text_color__hover_enabled=&#8221;off&#8221; button_one_text_color__hover_enabled=&#8221;off&#8221; button_two_text_color__hover_enabled=&#8221;off&#8221; button_border_width__hover_enabled=&#8221;off&#8221; button_one_border_width__hover_enabled=&#8221;off&#8221; button_two_border_width__hover_enabled=&#8221;off&#8221; button_border_color__hover_enabled=&#8221;off&#8221; button_one_border_color__hover_enabled=&#8221;off&#8221; button_two_border_color__hover_enabled=&#8221;off&#8221; button_border_radius__hover_enabled=&#8221;off&#8221; button_one_border_radius__hover_enabled=&#8221;off&#8221; button_two_border_radius__hover_enabled=&#8221;off&#8221; button_letter_spacing__hover_enabled=&#8221;off&#8221; button_one_letter_spacing__hover_enabled=&#8221;off&#8221; button_two_letter_spacing__hover_enabled=&#8221;off&#8221; button_bg_color__hover_enabled=&#8221;off&#8221; button_one_bg_color__hover_enabled=&#8221;off&#8221; button_two_bg_color__hover_enabled=&#8221;off&#8221; sticky_transition=&#8221;on&#8221;][\/et_pb_slide][\/et_pb_fullwidth_slider][\/et_pb_section][et_pb_section fb_built=&#8221;1&#8243; _builder_version=&#8221;4.16&#8243; parallax=&#8221;on&#8221; parallax_method=&#8221;off&#8221; custom_padding=&#8221;0px|0px|0|0px|false|false&#8221; locked=&#8221;off&#8221; global_colors_info=&#8221;{}&#8221;][et_pb_row module_class=&#8221; et_pb_row_fullwidth&#8221; _builder_version=&#8221;4.16&#8243; background_size=&#8221;contain&#8221; background_position=&#8221;top_right&#8221; width=&#8221;100%&#8221; width_tablet=&#8221;100%&#8221; width_phone=&#8221;&#8221; width_last_edited=&#8221;on|desktop&#8221; max_width=&#8221;100%&#8221; max_width_tablet=&#8221;100%&#8221; max_width_phone=&#8221;&#8221; max_width_last_edited=&#8221;on|desktop&#8221; custom_padding=&#8221;0|0px|0px|0px|false|false&#8221; make_fullwidth=&#8221;on&#8221; global_colors_info=&#8221;{}&#8221;][et_pb_column type=&#8221;4_4&#8243; _builder_version=&#8221;4.16&#8243; custom_padding=&#8221;|||&#8221; global_colors_info=&#8221;{}&#8221; custom_padding__hover=&#8221;|||&#8221;][et_pb_text module_class=&#8221;verdeMela&#8221; _builder_version=&#8221;4.16&#8243; global_colors_info=&#8221;{}&#8221;]<\/p>\n<h1 style=\"text-align: center;\">Servizi ed Informazioni<\/h1>\n<p>[\/et_pb_text][\/et_pb_column][\/et_pb_row][et_pb_row module_class=&#8221;hpsectiontext et_pb_row_fullwidth&#8221; _builder_version=&#8221;4.16&#8243; background_size=&#8221;contain&#8221; background_position=&#8221;top_right&#8221; width=&#8221;100%&#8221; width_tablet=&#8221;&#8221; width_phone=&#8221;&#8221; width_last_edited=&#8221;on|phone&#8221; max_width=&#8221;100%&#8221; max_width_tablet=&#8221;90%&#8221; max_width_phone=&#8221;&#8221; max_width_last_edited=&#8221;on|tablet&#8221; custom_padding=&#8221;30px|0px|0px|0px&#8221; make_fullwidth=&#8221;on&#8221; global_colors_info=&#8221;{}&#8221; width__hover_enabled=&#8221;on|desktop&#8221; width__hover=&#8221;100%&#8221;][et_pb_column type=&#8221;4_4&#8243; _builder_version=&#8221;4.16&#8243; custom_padding=&#8221;|||&#8221; global_colors_info=&#8221;{}&#8221; custom_padding__hover=&#8221;|||&#8221;][et_pb_text module_id=&#8221;hpsectiontext&#8221; _builder_version=&#8221;4.25.1&#8243; text_font=&#8221;ABeeZee||||||||&#8221; text_letter_spacing=&#8221;1px&#8221; text_line_height=&#8221;1.4em&#8221; global_colors_info=&#8221;{}&#8221;]<\/p>\n<h4 style=\"text-align: center; font-size: 20px;\">La Reception del Melo Residence \u00e8 aperta nei seguenti orari:<\/h4>\n<h4 style=\"text-align: center; font-size: 22px;\">La mattina, dalle ore <strong>9:00 alle ore<\/strong>\u00a0<strong>13:00<\/strong><\/h4>\n<h4 style=\"text-align: center; font-size: 22px;\">Il pomeriggio, dalle ore<strong> 17:00 alle ore<\/strong> <strong>19:00<\/strong><\/h4>\n<p>[\/et_pb_text][\/et_pb_column][\/et_pb_row][et_pb_row column_structure=&#8221;1_2,1_2&#8243; module_class=&#8221;hpsectiontext et_pb_row_fullwidth&#8221; _builder_version=&#8221;4.16&#8243; width=&#8221;100%&#8221; width_tablet=&#8221;100%&#8221; width_phone=&#8221;&#8221; width_last_edited=&#8221;on|desktop&#8221; max_width=&#8221;100%&#8221; max_width_tablet=&#8221;100%&#8221; max_width_phone=&#8221;&#8221; max_width_last_edited=&#8221;on|desktop&#8221; custom_padding=&#8221;32px|10px|10px|10px|false|false&#8221; make_fullwidth=&#8221;on&#8221; global_colors_info=&#8221;{}&#8221;][et_pb_column type=&#8221;1_2&#8243; _builder_version=&#8221;4.16&#8243; custom_padding=&#8221;|||&#8221; global_colors_info=&#8221;{}&#8221; custom_padding__hover=&#8221;|||&#8221;][et_pb_text module_class=&#8221;icona didascaliaTop&#8221; _builder_version=&#8221;4.25.1&#8243; text_font=&#8221;ABeeZee||||||||&#8221; text_letter_spacing=&#8221;1px&#8221; text_line_height=&#8221;1.5em&#8221; text_orientation=&#8221;justified&#8221; custom_margin=&#8221;|15px||20px|false|false&#8221; global_colors_info=&#8221;{}&#8221;]<\/p>\n<p><span><img loading=\"lazy\" decoding=\"async\" class=\"wp-image-1986 aligncenter size-full\" src=\"https:\/\/www.ilmeloresidence.it\/wp-content\/uploads\/2019\/01\/check-in-1.png\" alt=\"\" width=\"90\" height=\"90\" style=\"float: left;\" \/>Il <b>CHECK-IN<\/b> in presenza \u00e8 dalle<b> ore 17 <\/b>alle<b> ore 19<\/b>, \u00e8 possibile accedere alla struttura autonomamente in modalit\u00e0 self check-in dalle ore 14 e per questo \u00e8 necessario mettersi in contatto con la reception un giorno prima dell&#8217; arrivo.<\/span><\/p>\n<p>[\/et_pb_text][\/et_pb_column][et_pb_column type=&#8221;1_2&#8243; _builder_version=&#8221;4.16&#8243; custom_padding=&#8221;|||&#8221; global_colors_info=&#8221;{}&#8221; custom_padding__hover=&#8221;|||&#8221;][et_pb_text module_class=&#8221;icona didascaliaTop&#8221; _builder_version=&#8221;4.25.1&#8243; text_font=&#8221;ABeeZee||||||||&#8221; text_letter_spacing=&#8221;1px&#8221; text_line_height=&#8221;1.5em&#8221; text_orientation=&#8221;justified&#8221; custom_margin=&#8221;|15px||15px&#8221; global_colors_info=&#8221;{}&#8221;]<\/p>\n<p style=\"text-align: justify;\">Il <strong>PARCHEGGIO<\/strong> \u00e8 gratuito e situato all\u2019interno della propriet\u00e0; l\u2019accesso \u00e8 riservato esclusivamente agli ospiti in possesso delle chiavi del cancello, che rimane sempre chiuso. \u00c8 disponibile un posto auto per ogni appartamento.<\/p>\n<p>[\/et_pb_text][\/et_pb_column][\/et_pb_row][et_pb_row column_structure=&#8221;1_4,1_4,1_4,1_4&#8243; module_class=&#8221;hpsectiontext et_pb_row_fullwidth&#8221; _builder_version=&#8221;4.16&#8243; width=&#8221;100%&#8221; width_tablet=&#8221;100%&#8221; width_phone=&#8221;&#8221; width_last_edited=&#8221;on|desktop&#8221; max_width=&#8221;100%&#8221; max_width_tablet=&#8221;100%&#8221; max_width_phone=&#8221;&#8221; max_width_last_edited=&#8221;on|desktop&#8221; custom_padding=&#8221;10px|10px|0|10px|false|false&#8221; make_fullwidth=&#8221;on&#8221; global_colors_info=&#8221;{}&#8221;][et_pb_column type=&#8221;1_4&#8243; _builder_version=&#8221;4.16&#8243; custom_padding=&#8221;|||&#8221; global_colors_info=&#8221;{}&#8221; custom_padding__hover=&#8221;|||&#8221;][et_pb_text module_class=&#8221;icona&#8221; _builder_version=&#8221;4.16&#8243; text_font=&#8221;ABeeZee||||||||&#8221; text_letter_spacing=&#8221;1px&#8221; text_line_height=&#8221;1.5em&#8221; text_orientation=&#8221;center&#8221; custom_margin=&#8221;|0px||&#8221; custom_padding=&#8221;|10px||&#8221; global_colors_info=&#8221;{}&#8221;]<\/p>\n<p><span><img loading=\"lazy\" decoding=\"async\" src=\"https:\/\/www.ilmeloresidence.it\/wp-content\/uploads\/2019\/01\/free-wifi.png\" width=\"89\" height=\"89\" alt=\"\" class=\"wp-image-1992 aligncenter size-full\" \/><\/span><\/p>\n<p style=\"text-align: center;\"><span>Gli Ospiti del Melo possono usufruire gratuitamente della connessione <\/span>WiFi<span> ad internet.<\/span><\/p>\n<p>[\/et_pb_text][\/et_pb_column][et_pb_column type=&#8221;1_4&#8243; _builder_version=&#8221;4.16&#8243; custom_padding=&#8221;|||&#8221; global_colors_info=&#8221;{}&#8221; custom_padding__hover=&#8221;|||&#8221;][et_pb_text module_class=&#8221;icona&#8221; _builder_version=&#8221;4.16&#8243; text_font=&#8221;ABeeZee||||||||&#8221; text_letter_spacing=&#8221;1px&#8221; text_line_height=&#8221;1.5em&#8221; text_orientation=&#8221;center&#8221; global_colors_info=&#8221;{}&#8221;]<span><img loading=\"lazy\" decoding=\"async\" src=\"https:\/\/www.ilmeloresidence.it\/wp-content\/uploads\/2019\/01\/suitcase.png\" width=\"89\" height=\"89\" alt=\"\" class=\"wp-image-1993 aligncenter size-full\" \/><\/a><a href=\"https:\/\/www.ilmeloresidence.it\/wp-content\/uploads\/2019\/01\/free-wifi.png\"><\/a><\/span><\/p>\n<p>E\u2019 presente un deposito bagagli.[\/et_pb_text][\/et_pb_column][et_pb_column type=&#8221;1_4&#8243; _builder_version=&#8221;4.16&#8243; custom_padding=&#8221;|||&#8221; global_colors_info=&#8221;{}&#8221; custom_padding__hover=&#8221;|||&#8221;][et_pb_text module_class=&#8221;icona&#8221; _builder_version=&#8221;4.16&#8243; text_font=&#8221;ABeeZee||||||||&#8221; text_letter_spacing=&#8221;1px&#8221; text_line_height=&#8221;1.5em&#8221; text_orientation=&#8221;center&#8221; global_colors_info=&#8221;{}&#8221;]<\/p>\n<p style=\"text-align: center;\"><img loading=\"lazy\" decoding=\"async\" src=\"https:\/\/www.ilmeloresidence.it\/wp-content\/uploads\/2019\/02\/washing-machine-1-500x500.png\" width=\"90\" height=\"90\" alt=\"\" class=\"wp-image-2438 aligncenter size-medium\" srcset=\"https:\/\/www.ilmeloresidence.it\/wp-content\/uploads\/2019\/02\/washing-machine-1-500x500.png 500w, https:\/\/www.ilmeloresidence.it\/wp-content\/uploads\/2019\/02\/washing-machine-1.png 512w\" sizes=\"auto, (max-width: 90px) 100vw, 90px\" \/><\/p>\n<p style=\"text-align: center;\"><span>Servizio di lavanderia <\/span><span>(a pagamento).<\/span><\/p>\n<p>[\/et_pb_text][\/et_pb_column][et_pb_column type=&#8221;1_4&#8243; _builder_version=&#8221;4.16&#8243; custom_padding=&#8221;|||&#8221; global_colors_info=&#8221;{}&#8221; custom_padding__hover=&#8221;|||&#8221;][et_pb_text module_class=&#8221;icona&#8221; _builder_version=&#8221;4.16&#8243; text_font=&#8221;ABeeZee||||||||&#8221; text_letter_spacing=&#8221;1px&#8221; text_line_height=&#8221;1.5em&#8221; text_orientation=&#8221;center&#8221; global_colors_info=&#8221;{}&#8221;]<\/p>\n<p><span><img loading=\"lazy\" decoding=\"async\" src=\"https:\/\/www.ilmeloresidence.it\/wp-content\/uploads\/2019\/01\/bed.png\" width=\"89\" height=\"89\" alt=\"\" class=\"wp-image-2000 aligncenter size-full\" style=\"display: block; margin-left: auto; margin-right: auto;\" \/><\/span><\/p>\n<p style=\"text-align: center;\"><span>Lettino per bimbi su richiesta.<\/span><\/p>\n<p>[\/et_pb_text][\/et_pb_column][\/et_pb_row][et_pb_row column_structure=&#8221;1_4,1_4,1_4,1_4&#8243; module_class=&#8221;hpsectiontext et_pb_row_fullwidth&#8221; _builder_version=&#8221;4.16&#8243; width=&#8221;100%&#8221; width_tablet=&#8221;100%&#8221; width_phone=&#8221;&#8221; width_last_edited=&#8221;on|desktop&#8221; max_width=&#8221;100%&#8221; max_width_tablet=&#8221;100%&#8221; max_width_phone=&#8221;&#8221; max_width_last_edited=&#8221;on|desktop&#8221; custom_padding=&#8221;10px|10px|0|10px|false|false&#8221; make_fullwidth=&#8221;on&#8221; global_colors_info=&#8221;{}&#8221;][et_pb_column type=&#8221;1_4&#8243; _builder_version=&#8221;4.16&#8243; custom_padding=&#8221;|||&#8221; global_colors_info=&#8221;{}&#8221; custom_padding__hover=&#8221;|||&#8221;][et_pb_text module_class=&#8221;icona&#8221; _builder_version=&#8221;4.16&#8243; text_font=&#8221;ABeeZee||||||||&#8221; text_letter_spacing=&#8221;1px&#8221; text_line_height=&#8221;1.5em&#8221; text_orientation=&#8221;center&#8221; global_colors_info=&#8221;{}&#8221;]<\/p>\n<p><span><img loading=\"lazy\" decoding=\"async\" src=\"https:\/\/www.ilmeloresidence.it\/wp-content\/uploads\/2019\/01\/pet.png\" width=\"89\" height=\"89\" alt=\"\" class=\"wp-image-2001 aligncenter size-full\" \/><\/span><\/p>\n<p style=\"text-align: center;\">E\u2019 consentito l\u2019accesso ad animali domestici, previa richiesta e pagamento di un supplemento.<\/p>\n<p>[\/et_pb_text][\/et_pb_column][et_pb_column type=&#8221;1_4&#8243; _builder_version=&#8221;4.16&#8243; custom_padding=&#8221;|||&#8221; global_colors_info=&#8221;{}&#8221; custom_padding__hover=&#8221;|||&#8221;][et_pb_text module_class=&#8221;icona&#8221; _builder_version=&#8221;4.16&#8243; text_font=&#8221;ABeeZee||||||||&#8221; text_letter_spacing=&#8221;1px&#8221; text_line_height=&#8221;1.5em&#8221; text_orientation=&#8221;center&#8221; global_colors_info=&#8221;{}&#8221;]<\/p>\n<p><span><img loading=\"lazy\" decoding=\"async\" src=\"https:\/\/www.ilmeloresidence.it\/wp-content\/uploads\/2019\/01\/printer.png\" width=\"90\" height=\"90\" alt=\"\" class=\"wp-image-2002 aligncenter size-full\" \/><\/span><\/p>\n<p style=\"text-align: center;\">Servizi di segreteria, e-mail, stampa e fotocopiatrice presso il banco reception.<\/p>\n<p>[\/et_pb_text][\/et_pb_column][et_pb_column type=&#8221;1_4&#8243; _builder_version=&#8221;4.16&#8243; custom_padding=&#8221;|||&#8221; global_colors_info=&#8221;{}&#8221; custom_padding__hover=&#8221;|||&#8221;][et_pb_text module_class=&#8221;icona&#8221; _builder_version=&#8221;4.16&#8243; text_font=&#8221;ABeeZee||||||||&#8221; text_letter_spacing=&#8221;1px&#8221; text_line_height=&#8221;1.5em&#8221; text_orientation=&#8221;center&#8221; global_colors_info=&#8221;{}&#8221;]<\/p>\n<p><span><img loading=\"lazy\" decoding=\"async\" src=\"https:\/\/www.ilmeloresidence.it\/wp-content\/uploads\/2019\/01\/bbq.png\" width=\"89\" height=\"89\" alt=\"\" class=\"wp-image-2003 aligncenter size-full\" \/><\/span><\/p>\n<p style=\"text-align: center;\"><span>Uso delle aree Barbecue.<\/span><span style=\"font-size: 18px; letter-spacing: 0.18em;\">\u00a0<\/span><\/p>\n<p>[\/et_pb_text][\/et_pb_column][et_pb_column type=&#8221;1_4&#8243; _builder_version=&#8221;4.16&#8243; custom_padding=&#8221;|||&#8221; global_colors_info=&#8221;{}&#8221; custom_padding__hover=&#8221;|||&#8221;][et_pb_text module_class=&#8221;icona&#8221; _builder_version=&#8221;4.16&#8243; text_font=&#8221;ABeeZee||||||||&#8221; text_letter_spacing=&#8221;1px&#8221; text_line_height=&#8221;1.5em&#8221; text_orientation=&#8221;center&#8221; global_colors_info=&#8221;{}&#8221;]<\/p>\n<p><span><img loading=\"lazy\" decoding=\"async\" src=\"https:\/\/www.ilmeloresidence.it\/wp-content\/uploads\/2019\/01\/debit-card.png\" width=\"89\" height=\"89\" alt=\"\" class=\"wp-image-2004 aligncenter size-full\" \/><\/span><\/p>\n<p style=\"text-align: center;\"><span>Carte di Credito &#8211; Sono accettate: Visa, Eurocard-Mastercard, Maestro e Visa-Electron.<\/span><\/p>\n<p style=\"text-align: center;\"><span><\/span><\/p>\n<p>[\/et_pb_text][\/et_pb_column][\/et_pb_row][et_pb_row module_class=&#8221;hpsectiontext et_pb_row_fullwidth&#8221; _builder_version=&#8221;4.16&#8243; width=&#8221;100%&#8221; width_tablet=&#8221;100%&#8221; width_phone=&#8221;&#8221; width_last_edited=&#8221;on|desktop&#8221; max_width=&#8221;100%&#8221; max_width_tablet=&#8221;100%&#8221; max_width_phone=&#8221;&#8221; max_width_last_edited=&#8221;on|desktop&#8221; custom_padding=&#8221;0|10px|36px|10px|false|false&#8221; make_fullwidth=&#8221;on&#8221; global_colors_info=&#8221;{}&#8221;][et_pb_column type=&#8221;4_4&#8243; _builder_version=&#8221;4.16&#8243; custom_padding=&#8221;|||&#8221; global_colors_info=&#8221;{}&#8221; custom_padding__hover=&#8221;|||&#8221;][et_pb_text module_class=&#8221;icona didascaliaBot&#8221; _builder_version=&#8221;4.25.1&#8243; text_font=&#8221;ABeeZee||||||||&#8221; text_letter_spacing=&#8221;1px&#8221; text_line_height=&#8221;1.5em&#8221; custom_margin=&#8221;|||20px&#8221; global_colors_info=&#8221;{}&#8221;]<\/p>\n<p style=\"text-align: justify;\"><b><img loading=\"lazy\" decoding=\"async\" src=\"https:\/\/www.ilmeloresidence.it\/wp-content\/uploads\/2019\/01\/bicycle-1.png\" width=\"90\" height=\"90\" alt=\"\" class=\"wp-image-1991 aligncenter size-full\" style=\"float: left;\" \/>NOLEGGIO BICI <\/b>&#8211;<b> <\/b>La nostra reception ti mette in contatto con diversi centri di noleggio biciclette, dove potrai scegliere tra city bike, bici da strada ed e-bike per raggiungere la spiaggia pi\u00f9 vicina o esplorare le attrazioni di Porto Torres. Un\u2019escursione in bicicletta all\u2019Asinara \u00e8 un\u2019esperienza imperdibile per tutti gli amanti delle due ruote!.<\/p>\n<p style=\"text-align: justify;\">Se viaggi con la tua bici o sei un ciclo-viaggiatore, potrai usufruire del nostro deposito sicuro e dell\u2019officina attrezzata, oltre ai nostri consigli per organizzare al meglio le tue avventure su due ruote.<\/p>\n<p>[\/et_pb_text][et_pb_text module_class=&#8221;icona didascaliaBot&#8221; _builder_version=&#8221;4.25.1&#8243; text_font=&#8221;ABeeZee||||||||&#8221; text_letter_spacing=&#8221;1px&#8221; text_line_height=&#8221;1.5em&#8221; custom_margin=&#8221;|||20px|false|false&#8221; global_colors_info=&#8221;{}&#8221;]<\/p>\n<p style=\"text-align: justify;\"><strong><img loading=\"lazy\" decoding=\"async\" src=\"https:\/\/www.ilmeloresidence.it\/wp-content\/uploads\/2019\/01\/trekking.png\" width=\"112\" height=\"112\" alt=\"\" class=\"wp-image-1990 aligncenter size-full\" style=\"float: left;\" \/>ESCURSIONI<\/strong> \u2013 Al Melo Residence amiamo l\u2019escursionismo e conosciamo bene il territorio: saremo felici di condividere con voi qualche consiglio su percorsi e luoghi da scoprire.<\/p>\n<p style=\"text-align: justify;\">Collaboriamo con guide escursionistiche esperte e alla reception troverete libri e guide cartacee per aiutarvi a pianificare i vostri itinerari, cos\u00ec da godervi al meglio la bellezza naturale della Sardegna.<\/p>\n<p>[\/et_pb_text][et_pb_text _builder_version=&#8221;4.16&#8243; text_font=&#8221;ABeeZee||||||||&#8221; text_letter_spacing=&#8221;1px&#8221; text_line_height=&#8221;1.5em&#8221; text_orientation=&#8221;justified&#8221; custom_margin=&#8221;|30px||&#8221; global_colors_info=&#8221;{}&#8221;][\/et_pb_text][\/et_pb_column][\/et_pb_row][\/et_pb_section][et_pb_section fb_built=&#8221;1&#8243; module_class=&#8221;et_pb_gutters1 rigatopverde&#8221; _builder_version=&#8221;4.25.1&#8243; background_image=&#8221;https:\/\/www.ilmeloresidence.it\/wp-content\/uploads\/2019\/01\/AdobeStock_92750247-4000&#215;20001.jpeg&#8221; parallax=&#8221;on&#8221; parallax_method=&#8221;off&#8221; custom_padding=&#8221;90px|90px|90px|90px&#8221; hover_enabled=&#8221;0&#8243; global_colors_info=&#8221;{}&#8221; module_id=&#8221;fasciaVerde&#8221; sticky_enabled=&#8221;0&#8243;][et_pb_row module_class=&#8221;et_pb_row_fullwidth &#8221; _builder_version=&#8221;4.25.1&#8243; background_color=&#8221;rgba(255,255,255,0.45)&#8221; width=&#8221;100%&#8221; width_tablet=&#8221;100%&#8221; width_phone=&#8221;&#8221; width_last_edited=&#8221;on|desktop&#8221; max_width=&#8221;100%&#8221; max_width_tablet=&#8221;100%&#8221; max_width_phone=&#8221;&#8221; max_width_last_edited=&#8221;on|desktop&#8221; custom_padding=&#8221;0px|0px|0|0px|false|false&#8221; hover_enabled=&#8221;0&#8243; make_fullwidth=&#8221;on&#8221; global_colors_info=&#8221;{}&#8221; sticky_enabled=&#8221;0&#8243;][et_pb_column type=&#8221;4_4&#8243; _builder_version=&#8221;4.16&#8243; custom_padding=&#8221;40px||40px|&#8221; global_colors_info=&#8221;{}&#8221; custom_padding__hover=&#8221;|||&#8221;][et_pb_text _builder_version=&#8221;4.25.1&#8243; text_font=&#8221;ABeeZee||||||||&#8221; text_font_size=&#8221;17px&#8221; text_letter_spacing=&#8221;1px&#8221; text_line_height=&#8221;1.5em&#8221; text_orientation=&#8221;center&#8221; custom_margin=&#8221;|||20px&#8221; hover_enabled=&#8221;0&#8243; global_colors_info=&#8221;{}&#8221; sticky_enabled=&#8221;0&#8243;]<\/p>\n<h2>Il Melo Residence \u00e8 Eco Friendly<\/h2>\n<p>Al <strong>Melo Residence<\/strong> pensiamo che l\u2019attenzione all\u2019ambiente debba essere un valore aggiunto per le strutture ricettive e la sostenibilit\u00e0 dei consumi \u00e8 un fattore di primaria importanza.<\/p>\n<p>Chiediamo ai nostri Ospiti di aiutarci cercando di utilizzare consapevolmente le risorse a loro disposizione, come <strong>acqua<\/strong> e <strong>luce<\/strong>, e di <strong>differenziare<\/strong> correttamente i vostri rifiuti seguendo il buonsenso e le norme locali.<\/p>\n<p>Per agevolare questo abbiamo allestito un\u2019<strong>isola ecologica<\/strong> in cui proferire i rifiuti e differenziarli, negli appartamenti troverete un\u2019informativa su come seguire una corretta raccolta differenziata qui nel comune di Porto Torres.<\/p>\n<p>Il nostro impegno \u00e8 volto non solo al rispetto delle leggi e norme locali, ma anche alla ricerca di un miglioramento continuo, mantenendo attiva una buona politica ambientale.<\/p>\n<p>Abbiamo cos\u00ec investito in un <strong>impianto fotovoltaico<\/strong> per la produzione di energia elettrica, ben 20 kW\/h.<\/p>\n<p>Sono state sostituite le lampadine di vecchia generazione con nuove a <strong>basso consumo<\/strong>, e per quanto riguarda l\u2019utilizzo dell\u2019acqua, abbiamo installato un impianto d\u2019irrigazione computerizzato per una migliore gestione della risorsa idrica dedicata ai nostri giardini.<\/p>\n<p>[\/et_pb_text][et_pb_button button_url=&#8221;@ET-DC@eyJkeW5hbWljIjp0cnVlLCJjb250ZW50IjoicG9zdF9saW5rX3VybF9wYWdlIiwic2V0dGluZ3MiOnsicG9zdF9pZCI6IjUwOTMifX0=@&#8221; button_text=&#8221;Prenota la tua vacanza&#8221; button_alignment=&#8221;center&#8221; module_class=&#8221;principale&#8221; _builder_version=&#8221;4.17.1&#8243; _dynamic_attributes=&#8221;button_url&#8221; background_layout=&#8221;dark&#8221; custom_margin=&#8221;40px||||false|false&#8221; global_colors_info=&#8221;{}&#8221;][\/et_pb_button][\/et_pb_column][\/et_pb_row][\/et_pb_section]<\/p>\n","protected":false},"excerpt":{"rendered":"<p>Servizi ed InformazioniLa Reception del Melo Residence \u00e8 aperta nei seguenti orari: La mattina, dalle ore 9:00 alle ore\u00a013:00 Il pomeriggio, dalle ore 17:00 alle ore 19:00Il CHECK-IN in presenza \u00e8 dalle ore 17 alle ore 19, \u00e8 possibile accedere alla struttura autonomamente in modalit\u00e0 self check-in dalle ore 14 e per questo \u00e8 necessario [&hellip;]<\/p>\n","protected":false},"author":1,"featured_media":0,"parent":0,"menu_order":0,"comment_status":"closed","ping_status":"closed","template":"","meta":{"_et_pb_use_builder":"on","_et_pb_old_content":"","_et_gb_content_width":"","footnotes":""},"class_list":["post-1555","page","type-page","status-publish","hentry"],"yoast_head":"<!-- This site is optimized with the Yoast SEO plugin v26.8 - https:\/\/yoast.com\/product\/yoast-seo-wordpress\/ -->\n<title>Servizi - Il Melo Residence a Porto Torres<\/title>\n<meta name=\"robots\" content=\"index, follow, max-snippet:-1, max-image-preview:large, max-video-preview:-1\" \/>\n<link rel=\"canonical\" href=\"https:\/\/www.ilmeloresidence.it\/it\/servizi\/\" \/>\n<meta property=\"og:locale\" content=\"it_IT\" \/>\n<meta property=\"og:type\" content=\"article\" \/>\n<meta property=\"og:title\" content=\"Servizi - Il Melo Residence a Porto Torres\" \/>\n<meta property=\"og:description\" content=\"Servizi ed InformazioniLa Reception del Melo Residence \u00e8 aperta nei seguenti orari: La mattina, dalle ore 9:00 alle ore\u00a013:00 Il pomeriggio, dalle ore 17:00 alle ore 19:00Il CHECK-IN in presenza \u00e8 dalle ore 17 alle ore 19, \u00e8 possibile accedere alla struttura autonomamente in modalit\u00e0 self check-in dalle ore 14 e per questo \u00e8 necessario [&hellip;]\" \/>\n<meta property=\"og:url\" content=\"https:\/\/www.ilmeloresidence.it\/it\/servizi\/\" \/>\n<meta property=\"og:site_name\" content=\"Il Melo Residence a Porto Torres\" \/>\n<meta property=\"article:modified_time\" content=\"2026-02-23T14:46:01+00:00\" \/>\n<meta property=\"og:image\" content=\"https:\/\/www.ilmeloresidence.it\/wp-content\/uploads\/2019\/01\/check-in-1.png\" \/>\n\t<meta property=\"og:image:width\" content=\"256\" \/>\n\t<meta property=\"og:image:height\" content=\"256\" \/>\n\t<meta property=\"og:image:type\" content=\"image\/png\" \/>\n<meta name=\"twitter:card\" content=\"summary_large_image\" \/>\n<meta name=\"twitter:label1\" content=\"Tempo di lettura stimato\" \/>\n\t<meta name=\"twitter:data1\" content=\"5 minuti\" \/>\n<script type=\"application\/ld+json\" class=\"yoast-schema-graph\">{\"@context\":\"https:\/\/schema.org\",\"@graph\":[{\"@type\":\"WebPage\",\"@id\":\"https:\/\/www.ilmeloresidence.it\/it\/servizi\/\",\"url\":\"https:\/\/www.ilmeloresidence.it\/it\/servizi\/\",\"name\":\"Servizi - Il Melo Residence a Porto Torres\",\"isPartOf\":{\"@id\":\"https:\/\/www.ilmeloresidence.it\/it\/#website\"},\"primaryImageOfPage\":{\"@id\":\"https:\/\/www.ilmeloresidence.it\/it\/servizi\/#primaryimage\"},\"image\":{\"@id\":\"https:\/\/www.ilmeloresidence.it\/it\/servizi\/#primaryimage\"},\"thumbnailUrl\":\"https:\/\/www.ilmeloresidence.it\/wp-content\/uploads\/2019\/01\/check-in-1.png\",\"datePublished\":\"2018-02-11T14:30:31+00:00\",\"dateModified\":\"2026-02-23T14:46:01+00:00\",\"breadcrumb\":{\"@id\":\"https:\/\/www.ilmeloresidence.it\/it\/servizi\/#breadcrumb\"},\"inLanguage\":\"it-IT\",\"potentialAction\":[{\"@type\":\"ReadAction\",\"target\":[\"https:\/\/www.ilmeloresidence.it\/it\/servizi\/\"]}]},{\"@type\":\"ImageObject\",\"inLanguage\":\"it-IT\",\"@id\":\"https:\/\/www.ilmeloresidence.it\/it\/servizi\/#primaryimage\",\"url\":\"https:\/\/www.ilmeloresidence.it\/wp-content\/uploads\/2019\/01\/check-in-1.png\",\"contentUrl\":\"https:\/\/www.ilmeloresidence.it\/wp-content\/uploads\/2019\/01\/check-in-1.png\"},{\"@type\":\"BreadcrumbList\",\"@id\":\"https:\/\/www.ilmeloresidence.it\/it\/servizi\/#breadcrumb\",\"itemListElement\":[{\"@type\":\"ListItem\",\"position\":1,\"name\":\"Home\",\"item\":\"https:\/\/www.ilmeloresidence.it\/it\/\"},{\"@type\":\"ListItem\",\"position\":2,\"name\":\"Servizi\"}]},{\"@type\":\"WebSite\",\"@id\":\"https:\/\/www.ilmeloresidence.it\/it\/#website\",\"url\":\"https:\/\/www.ilmeloresidence.it\/it\/\",\"name\":\"Il Melo Residence a Porto Torres\",\"description\":\"L&#039;accoglienza del Nord Sardegna\",\"potentialAction\":[{\"@type\":\"SearchAction\",\"target\":{\"@type\":\"EntryPoint\",\"urlTemplate\":\"https:\/\/www.ilmeloresidence.it\/it\/?s={search_term_string}\"},\"query-input\":{\"@type\":\"PropertyValueSpecification\",\"valueRequired\":true,\"valueName\":\"search_term_string\"}}],\"inLanguage\":\"it-IT\"}]}<\/script>\n<!-- \/ Yoast SEO plugin. -->","yoast_head_json":{"title":"Servizi - Il Melo Residence a Porto Torres","robots":{"index":"index","follow":"follow","max-snippet":"max-snippet:-1","max-image-preview":"max-image-preview:large","max-video-preview":"max-video-preview:-1"},"canonical":"https:\/\/www.ilmeloresidence.it\/it\/servizi\/","og_locale":"it_IT","og_type":"article","og_title":"Servizi - Il Melo Residence a Porto Torres","og_description":"Servizi ed InformazioniLa Reception del Melo Residence \u00e8 aperta nei seguenti orari: La mattina, dalle ore 9:00 alle ore\u00a013:00 Il pomeriggio, dalle ore 17:00 alle ore 19:00Il CHECK-IN in presenza \u00e8 dalle ore 17 alle ore 19, \u00e8 possibile accedere alla struttura autonomamente in modalit\u00e0 self check-in dalle ore 14 e per questo \u00e8 necessario [&hellip;]","og_url":"https:\/\/www.ilmeloresidence.it\/it\/servizi\/","og_site_name":"Il Melo Residence a Porto Torres","article_modified_time":"2026-02-23T14:46:01+00:00","og_image":[{"width":256,"height":256,"url":"https:\/\/www.ilmeloresidence.it\/wp-content\/uploads\/2019\/01\/check-in-1.png","type":"image\/png"}],"twitter_card":"summary_large_image","twitter_misc":{"Tempo di lettura stimato":"5 minuti"},"schema":{"@context":"https:\/\/schema.org","@graph":[{"@type":"WebPage","@id":"https:\/\/www.ilmeloresidence.it\/it\/servizi\/","url":"https:\/\/www.ilmeloresidence.it\/it\/servizi\/","name":"Servizi - Il Melo Residence a Porto Torres","isPartOf":{"@id":"https:\/\/www.ilmeloresidence.it\/it\/#website"},"primaryImageOfPage":{"@id":"https:\/\/www.ilmeloresidence.it\/it\/servizi\/#primaryimage"},"image":{"@id":"https:\/\/www.ilmeloresidence.it\/it\/servizi\/#primaryimage"},"thumbnailUrl":"https:\/\/www.ilmeloresidence.it\/wp-content\/uploads\/2019\/01\/check-in-1.png","datePublished":"2018-02-11T14:30:31+00:00","dateModified":"2026-02-23T14:46:01+00:00","breadcrumb":{"@id":"https:\/\/www.ilmeloresidence.it\/it\/servizi\/#breadcrumb"},"inLanguage":"it-IT","potentialAction":[{"@type":"ReadAction","target":["https:\/\/www.ilmeloresidence.it\/it\/servizi\/"]}]},{"@type":"ImageObject","inLanguage":"it-IT","@id":"https:\/\/www.ilmeloresidence.it\/it\/servizi\/#primaryimage","url":"https:\/\/www.ilmeloresidence.it\/wp-content\/uploads\/2019\/01\/check-in-1.png","contentUrl":"https:\/\/www.ilmeloresidence.it\/wp-content\/uploads\/2019\/01\/check-in-1.png"},{"@type":"BreadcrumbList","@id":"https:\/\/www.ilmeloresidence.it\/it\/servizi\/#breadcrumb","itemListElement":[{"@type":"ListItem","position":1,"name":"Home","item":"https:\/\/www.ilmeloresidence.it\/it\/"},{"@type":"ListItem","position":2,"name":"Servizi"}]},{"@type":"WebSite","@id":"https:\/\/www.ilmeloresidence.it\/it\/#website","url":"https:\/\/www.ilmeloresidence.it\/it\/","name":"Il Melo Residence a Porto Torres","description":"L&#039;accoglienza del Nord Sardegna","potentialAction":[{"@type":"SearchAction","target":{"@type":"EntryPoint","urlTemplate":"https:\/\/www.ilmeloresidence.it\/it\/?s={search_term_string}"},"query-input":{"@type":"PropertyValueSpecification","valueRequired":true,"valueName":"search_term_string"}}],"inLanguage":"it-IT"}]}},"_links":{"self":[{"href":"https:\/\/www.ilmeloresidence.it\/it\/wp-json\/wp\/v2\/pages\/1555","targetHints":{"allow":["GET"]}}],"collection":[{"href":"https:\/\/www.ilmeloresidence.it\/it\/wp-json\/wp\/v2\/pages"}],"about":[{"href":"https:\/\/www.ilmeloresidence.it\/it\/wp-json\/wp\/v2\/types\/page"}],"author":[{"embeddable":true,"href":"https:\/\/www.ilmeloresidence.it\/it\/wp-json\/wp\/v2\/users\/1"}],"replies":[{"embeddable":true,"href":"https:\/\/www.ilmeloresidence.it\/it\/wp-json\/wp\/v2\/comments?post=1555"}],"version-history":[{"count":63,"href":"https:\/\/www.ilmeloresidence.it\/it\/wp-json\/wp\/v2\/pages\/1555\/revisions"}],"predecessor-version":[{"id":7176,"href":"https:\/\/www.ilmeloresidence.it\/it\/wp-json\/wp\/v2\/pages\/1555\/revisions\/7176"}],"wp:attachment":[{"href":"https:\/\/www.ilmeloresidence.it\/it\/wp-json\/wp\/v2\/media?parent=1555"}],"curies":[{"name":"wp","href":"https:\/\/api.w.org\/{rel}","templated":true}]}}