{"id":4216,"date":"2020-04-17T11:47:45","date_gmt":"2020-04-17T10:47:45","guid":{"rendered":"https:\/\/www.ilmeloresidence.it\/dicono-di-noi-copy\/"},"modified":"2021-03-06T21:59:38","modified_gmt":"2021-03-06T20:59:38","slug":"covid-19-come-lo-affrontiamo","status":"publish","type":"page","link":"https:\/\/www.ilmeloresidence.it\/it\/covid-19-come-lo-affrontiamo\/","title":{"rendered":"Covid-19 &#8211;\u00a0Come lo affrontiamo?"},"content":{"rendered":"<p>[et_pb_section fb_built=&#8221;1&#8243; fullwidth=&#8221;on&#8221; _builder_version=&#8221;4.4.3&#8243;][et_pb_fullwidth_slider _builder_version=&#8221;4.4.3&#8243; background_image=&#8221;https:\/\/www.ilmeloresidence.it\/wp-content\/uploads\/2020\/05\/three-towels-on-brown-wooden-rack-3610006-scaled.jpg&#8221; custom_padding=&#8221;231px|91px||||&#8221; box_shadow_style=&#8221;preset6&#8243; box_shadow_blur=&#8221;10px&#8221; box_shadow_color=&#8221;rgba(0,0,0,0.1)&#8221; button_text_size__hover_enabled=&#8221;off&#8221; button_one_text_size__hover_enabled=&#8221;off&#8221; button_two_text_size__hover_enabled=&#8221;off&#8221; button_text_color__hover_enabled=&#8221;off&#8221; button_one_text_color__hover_enabled=&#8221;off&#8221; button_two_text_color__hover_enabled=&#8221;off&#8221; button_border_width__hover_enabled=&#8221;off&#8221; button_one_border_width__hover_enabled=&#8221;off&#8221; button_two_border_width__hover_enabled=&#8221;off&#8221; button_border_color__hover_enabled=&#8221;off&#8221; button_one_border_color__hover_enabled=&#8221;off&#8221; button_two_border_color__hover_enabled=&#8221;off&#8221; button_border_radius__hover_enabled=&#8221;off&#8221; button_one_border_radius__hover_enabled=&#8221;off&#8221; button_two_border_radius__hover_enabled=&#8221;off&#8221; button_letter_spacing__hover_enabled=&#8221;off&#8221; button_one_letter_spacing__hover_enabled=&#8221;off&#8221; button_two_letter_spacing__hover_enabled=&#8221;off&#8221; button_bg_color__hover_enabled=&#8221;off&#8221; button_one_bg_color__hover_enabled=&#8221;off&#8221; button_two_bg_color__hover_enabled=&#8221;off&#8221;][et_pb_slide _builder_version=&#8221;3.16&#8243; background_color=&#8221;#ffffff&#8221; button_text_size__hover_enabled=&#8221;off&#8221; button_one_text_size__hover_enabled=&#8221;off&#8221; button_two_text_size__hover_enabled=&#8221;off&#8221; button_text_color__hover_enabled=&#8221;off&#8221; button_one_text_color__hover_enabled=&#8221;off&#8221; button_two_text_color__hover_enabled=&#8221;off&#8221; button_border_width__hover_enabled=&#8221;off&#8221; button_one_border_width__hover_enabled=&#8221;off&#8221; button_two_border_width__hover_enabled=&#8221;off&#8221; button_border_color__hover_enabled=&#8221;off&#8221; button_one_border_color__hover_enabled=&#8221;off&#8221; button_two_border_color__hover_enabled=&#8221;off&#8221; button_border_radius__hover_enabled=&#8221;off&#8221; button_one_border_radius__hover_enabled=&#8221;off&#8221; button_two_border_radius__hover_enabled=&#8221;off&#8221; button_letter_spacing__hover_enabled=&#8221;off&#8221; button_one_letter_spacing__hover_enabled=&#8221;off&#8221; button_two_letter_spacing__hover_enabled=&#8221;off&#8221; button_bg_color__hover_enabled=&#8221;off&#8221; button_one_bg_color__hover_enabled=&#8221;off&#8221; button_two_bg_color__hover_enabled=&#8221;off&#8221; sticky_transition=&#8221;on&#8221;][\/et_pb_slide][\/et_pb_fullwidth_slider][\/et_pb_section][et_pb_section fb_built=&#8221;1&#8243; module_id=&#8221;hpsection&#8221; _builder_version=&#8221;3.22&#8243; parallax=&#8221;on&#8221; parallax_method=&#8221;off&#8221; custom_padding=&#8221;0px|0px|0px|0px&#8221;][et_pb_row module_class=&#8221; et_pb_row_fullwidth&#8221; _builder_version=&#8221;3.25&#8243; width=&#8221;100%&#8221; width_tablet=&#8221;100%&#8221; width_phone=&#8221;&#8221; width_last_edited=&#8221;on|desktop&#8221; max_width=&#8221;100%&#8221; max_width_tablet=&#8221;100%&#8221; max_width_phone=&#8221;&#8221; max_width_last_edited=&#8221;on|desktop&#8221; custom_padding=&#8221;2px|0px|0px|0px&#8221; make_fullwidth=&#8221;on&#8221;][et_pb_column type=&#8221;4_4&#8243; _builder_version=&#8221;3.25&#8243; custom_padding=&#8221;|||&#8221; custom_padding__hover=&#8221;|||&#8221;][et_pb_text module_id=&#8221;h1page&#8221; _builder_version=&#8221;3.27.4&#8243;]<\/p>\n<h1 style=\"text-align: center;\">Covid-19 &#8211;\u00a0Come lo affrontiamo?<\/h1>\n<p>[\/et_pb_text][\/et_pb_column][\/et_pb_row][et_pb_row module_class=&#8221; et_pb_row_fullwidth&#8221; _builder_version=&#8221;3.25&#8243; background_size=&#8221;contain&#8221; background_position=&#8221;top_right&#8221; width=&#8221;100%&#8221; width_tablet=&#8221;100%&#8221; width_phone=&#8221;&#8221; width_last_edited=&#8221;on|desktop&#8221; max_width=&#8221;100%&#8221; max_width_tablet=&#8221;100%&#8221; max_width_phone=&#8221;&#8221; max_width_last_edited=&#8221;on|desktop&#8221; custom_padding=&#8221;0|0px|0px|0px|false|false&#8221; make_fullwidth=&#8221;on&#8221;][et_pb_column type=&#8221;4_4&#8243; _builder_version=&#8221;3.25&#8243; custom_padding=&#8221;|||&#8221; custom_padding__hover=&#8221;|||&#8221;][et_pb_divider show_divider=&#8221;off&#8221; _builder_version=&#8221;3.2&#8243; custom_margin=&#8221;||8px|||&#8221;][\/et_pb_divider][et_pb_text module_id=&#8221;hpsectiontext&#8221; _builder_version=&#8221;4.4.3&#8243;]<\/p>\n<p>Caro Ospite,<\/p>\n<p>come ben sai il 2020 ha catapultato tutti Noi in un cambiamento repentino di abitudini quotidiane che mai ci saremo immaginati.<\/p>\n<p>Ormai tutti conosciamo e abbiamo acquisito dei comportamenti che ci portano ad essere pi\u00f9 attenti verso noi stessi e verso gli altri, per questo non abbiamo necessit\u00e0 di aggiungere raccomandazioni a ci\u00f2 che gi\u00e0 conosciamo. E&#8217; un nostro piacere e dovere farti per\u00f2 conoscere come affrontiamo nel nostro Residence questo momento e darti qualche informazione che potr\u00e0 tornarti utile.<\/p>\n<p>Per rendere pi\u00f9 agevole il vostro ingresso sull&#8217; isola vi consigliamo di restare aggiornati\u00a0<span style=\"font-size: 16px;\">con le ordinanze in vigore della Regione Sardegna (<\/span><a href=\"http:\/\/www.regione.sardegna.it\" style=\"font-size: 16px;\">www.regione.sardegna.it<\/a><span style=\"font-size: 16px;\">).<\/span><\/p>\n<p>Abbiamo cos\u00ec creato le seguenti <em>linee guida sanitarie<\/em> rifacendoci al\u00a0<a href=\"https:\/\/www.albergo-magazine.it\/wp-content\/uploads\/2020\/04\/linee-guida-dellOMS-per-Alberghi-1.pdf\">comunicato dell\u2019OMS del 31.03.2020<\/a>\u00a0dedicate proprio al settore Alberghiero.<\/p>\n<p>Di seguito troverete le informazioni riguardo la\u00a0<strong>Struttura<\/strong>, l\u2019attivit\u00e0 di\u00a0<strong>ricevimento<\/strong> ed il <strong>Check<\/strong><strong>&#8211;<\/strong><strong>In\/CHeck-out<\/strong>,\u00a0i <strong>DPI<\/strong><strong>\u00a0<\/strong>(Dispositivi Protezione Individuale), i <strong>DPC<\/strong>\u00a0(Dispositivi Protezione Collettiva), le operazioni di <strong>pulizia\/sanificazione, <\/strong>la<strong> lavanderia <\/strong>ed il<strong> conferimento dei rifuti.<\/strong><\/p>\n<p><strong style=\"color: #333333; font-size: 32px; font-family: 'Poiret One', display;\"><\/strong><\/p>\n<p><strong style=\"color: #333333; font-size: 32px; font-family: 'Poiret One', display;\">Misure di prevenzione nella Struttura<\/strong><strong><\/strong><\/p>\n<p>Il Melo \u00e8 composto da 12\u00a0<strong>appartamenti<\/strong>\u00a0bilocali, ognuno con l\u2019ingresso indipendente che affaccia o nella corte interna o fronte parcheggio (privato ed interno alla struttura). Ognuno degli appartamenti \u00e8 dotato di camera da letto, bagno con doccia, cucina attrezzata e terrazza\/patio privato.<\/p>\n<p>La struttura permette di poter accedere alla propria unit\u00e0 abitativa senza l\u2019obbligo di passare per ambienti chiusi in condivisione con altri Ospiti.<\/p>\n<p>In questo momento cos\u00ec delicato abbiamo deciso di portare al minimo indispensabile la presenza dei tessuti (come tendaggi, &#8230;) i quali avrebbero necessit\u00e0 di trattamenti continui difficilmente gestibili.<\/p>\n<p>La biancheria da letto e per il bagno \u00e8 gestita e viene consegnata dalla lavanderia industriale <em>Mareblu<\/em>, la quale opera seguendo il sistema di Certificazioni ISO 9001. In sostanza, non saremo al meglio della nostra bellezza ma ora pi\u00f9 che mai meglio sani che belli \ud83d\ude42<\/p>\n<p><strong style=\"color: #333333; font-family: 'Poiret One', display; font-size: 32px;\"><\/strong><\/p>\n<p><strong style=\"color: #333333; font-family: 'Poiret One', display; font-size: 32px;\">Ricevimento e Check-in<\/strong><\/p>\n<p>Vorremmo invitare i nostri Ospiti a utilizzare le procedure di\u00a0<strong>Self Check-In<\/strong>,\u00a0con la trasmissione dei documenti d\u2019identit\u00e0 personale tramite la posta elettronica o il pi\u00f9 comune sistema di messaggistica istantanea Whatsapp; mentre i pagamenti potranno essere gestiti comunicando gli estremi della Carta di Credito o effettuando un bonifico.<\/p>\n<p>La procedura\u00a0di <strong>Self Check-In<\/strong>\u00a0viene inviata in fase di prenotazione. L\u2019Ospite trover\u00e0 direttamente le chiavi nell&#8217;appartamento che avr\u00e0 prenotato e gli verranno fornite le informazioni necessarie per raggiungerlo ed orientarsi dentro la propriet\u00e0. E\u2019 possibile compiere il <strong>tradizionale check-in<\/strong> dalle ore 16 alle ore 19 ma esigenze differenti di arrivo, oltre l\u2019orario comunicato, devono essere concordate almeno un giorno prima dell\u2019 arrivo.<\/p>\n<p>Il personale addetto al ricevimento indosser\u00e0 mascherina e guanti, non stringer\u00e0 la mano agli Ospiti e terr\u00e0 la\u00a0<strong>distanza di sicurezza<\/strong>\u00a0consigliata dagli esperti. Anche gli Ospiti dovranno adottare le medesime precauzioni.<\/p>\n<p><strong style=\"color: #333333; font-family: 'Poiret One', display; font-size: 32px;\">Check-out<\/strong><\/p>\n<p>Potr\u00e0 essere eseguito in maniera autonoma e verr\u00e0 comunicato dove poter lasciare le chiavi.<\/p>\n<p><strong style=\"color: #333333; font-family: 'Poiret One', display; font-size: 32px;\"><\/strong><\/p>\n<p><strong style=\"color: #333333; font-family: 'Poiret One', display; font-size: 32px;\">Dispositivi di Protezione Individuale<\/strong><\/p>\n<p><strong>I guanti monouso<\/strong>\u00a0e\u00a0la <strong>mascherina<\/strong>\u00a0saranno sempre indossati dal personale. Presso l\u2019ingresso della Reception troverete un <strong>Dispencer<\/strong> con\u00a0<strong>Igienizzante mani.<\/strong> Il personale addetto alle pulizie utilizzer\u00e0\u00a0<strong>mascherina chirurgica<\/strong>\u00a0o\u00a0<strong>FFP1\/2\/3<\/strong>\u00a0(secondo la situazione), occhiali protettivi, guanti,\u00a0<strong>calzari monouso<\/strong>, tuta monouso e grembiule impermeabile monouso (questi ultimi due quando necessari).<\/p>\n<p><strong style=\"color: #333333; font-family: 'Poiret One', display; font-size: 32px;\"><\/strong><\/p>\n<p><strong style=\"color: #333333; font-family: 'Poiret One', display; font-size: 32px;\">Dispositivi di Protezione Collettiva<\/strong><\/p>\n<p><span style=\"font-size: 16px;\">Uno <\/span><strong style=\"font-size: 16px;\">schermo in pvc<\/strong><span style=\"font-size: 16px;\">\u00a0sar\u00e0 collocato sul banco ricevimento e presso l\u2019ingresso della reception troverete un dosatore per gel igienizzante mani h24. Mascherine (non chirurgiche e non della tipologia FFP1\/2\/3) e guanti monouso saranno disponibili su richiesta dell\u2019Ospite, se non provvisto.<\/span><\/p>\n<h2><strong style=\"color: #333333; font-family: 'Poiret One', display; font-size: 26px;\">Pulizia\/sanificazione degli appartamenti<\/strong><\/h2>\n<p>Effettueremo il cambio biancheria e la pulizia, compresa nella tariffa, ogni 7 giorni. <strong>Non sar\u00e0 a cura dell\u2019Ospite la pulizia finale<\/strong>.<\/p>\n<p>&nbsp;<\/p>\n<p><span style=\"color: #333333; font-family: 'Poiret One', display; font-size: 26px; font-weight: bold;\">Pulizie pre-soggiorno &#8211; Come procediamo per Sanificare<\/span><\/p>\n<p><span style=\"color: #333333; font-family: 'Poiret One', display; font-size: 26px; font-weight: bold;\"><\/span><\/p>\n<p><span style=\"color: #333333; font-family: 'Poiret One', display; font-size: 26px; font-weight: bold;\"><\/span><\/p>\n<p><span style=\"font-size: 26px;\"><strong><span style=\"color: #333333; font-family: 'Poiret One', display;\">Igienizzare<\/span><\/strong><\/span><\/p>\n<p>Consiste nell&#8217; eliminare tutto il materiale organico e lo sporco dalle superfici con l\u2019utilizzo dei detergenti tradizionali, quali sgrassatore, battericida, anticalcare, detersivo per piatti. Questi prodotti non hanno un potere disinfettante, ma quest\u2019operazione \u00e8 necessario effettuarla per prima, in quanto non si pu\u00f2 sanificare senza aver prima igienizzato.<\/p>\n<p><strong style=\"color: #333333; font-family: 'Poiret One', display; font-size: 32px;\">Disinfettare o sanificare<\/strong><span style=\"color: #333333; font-family: 'Poiret One', display; font-size: 32px; font-weight: bold;\">\u00a0<\/span><\/p>\n<p>Consiste nell&#8217;\u00a0<strong>eliminare virus<\/strong>, batteri, microrganismi vari e muffe dalle superfici e viene effettuato con alcool e candeggina, o meglio con prodotti che contengono percentuali di Etanolo e Ipocloruro di Sodio. Le superfici trattate con Ipocloruro di Sodio verranno di seguito risciacquate con acqua pulita dopo aver fatto agire il prodotto.<\/p>\n<p>Non siamo ancora in possesso di\u00a0<strong>trattamenti ad ozono<\/strong>\u00a0o a\u00a0<strong>frammentazione molecolare<\/strong>\u00a0in quanto non sono dichiarati obbligatori dall&#8217;OMS e non avendo ancora reperito comunicazioni ufficiali su l\u2019 utilizzo idoneo di questi nel settore alberghiero. Quando necessario viene effettuata la sanificazione con questi strumenti da imprese certificate. Seguiamo aggiornamenti in merito.<\/p>\n<p><strong style=\"color: #333333; font-family: 'Poiret One', display; font-size: 26px;\"><\/strong><\/p>\n<p><strong style=\"color: #333333; font-family: 'Poiret One', display; font-size: 26px;\">Lavanderia<\/strong><strong style=\"color: #333333; font-family: 'Poiret One', display; font-size: 26px;\"><\/strong><\/p>\n<p>E&#8217; presente in struttura un servizio di lavanderia, troverete nell\u2019 appartamento un sacco con il numero della stanza che consegnerete alla reception quando vi sar\u00e0 necessario usufruire del servizio. In caso di reception chiusa, potrete dare comunicazione su whatsapp.<\/p>\n<p><strong style=\"color: #333333; font-family: 'Poiret One', display; font-size: 32px;\">Rifiuti<\/strong><span style=\"color: #333333; font-family: 'Poiret One', display; font-size: 32px; font-weight: bold;\">\u00a0<\/span><\/p>\n<p>E&#8217; presente nella propriet\u00e0 un\u2019area rifiuti con le indicazioni per compiere una corretta raccolta differenziata. Sar\u00e0 a cura dell\u2019Ospite il conferimento dei rifiuti durante, ma soprattutto a fine soggiorno. Vi chiediamo, per ovvie ragioni di igiene e rispetto, di seguire le norme locali.<\/p>\n<p>Tutte le procedure sopra indicate sono attualmente in corso e lo saranno fino a prossima modifica.<\/p>\n<p>&nbsp;<\/p>\n<p style=\"text-align: justify;\">\n<p>[\/et_pb_text][\/et_pb_column][\/et_pb_row][\/et_pb_section][et_pb_section fb_built=&#8221;1&#8243; _builder_version=&#8221;3.22&#8243; custom_padding=&#8221;0px|0px|54px|0px&#8221;][et_pb_row column_structure=&#8221;1_4,1_2,1_4&#8243; module_class=&#8221; et_pb_row_fullwidth&#8221; _builder_version=&#8221;3.25&#8243; width=&#8221;100%&#8221; width_tablet=&#8221;100%&#8221; width_phone=&#8221;&#8221; width_last_edited=&#8221;on|desktop&#8221; max_width=&#8221;100%&#8221; max_width_tablet=&#8221;100%&#8221; max_width_phone=&#8221;&#8221; max_width_last_edited=&#8221;on|desktop&#8221; custom_padding=&#8221;27px|0px|0px|0px&#8221; make_fullwidth=&#8221;on&#8221;][et_pb_column type=&#8221;1_4&#8243; _builder_version=&#8221;3.25&#8243; custom_padding=&#8221;|||&#8221; custom_padding__hover=&#8221;|||&#8221;][et_pb_testimonial portrait_url=&#8221;https:\/\/www.ilmeloresidence.it\/wp-content\/uploads\/2018\/01\/Il-Melo-Residence-134&#215;134.png&#8221; _builder_version=&#8221;3.2&#8243;]<\/p>\n<p style=\"text-align: center;\">Ti aspettiamo nel nostro Residence per offrirti un soggiorno in un\u2019oasi di relax tra mare e colline.<\/p>\n<p> A Porto Torres, 2,5 km dal mare.<\/p>\n<p>[\/et_pb_testimonial][et_pb_testimonial portrait_url=&#8221;https:\/\/www.ilmeloresidence.it\/wp-content\/uploads\/2018\/01\/Il-Melo-Residence-134&#215;134.png&#8221; _builder_version=&#8221;3.2&#8243;]<\/p>\n<p style=\"text-align: center;\">Ti aspettiamo nel nostro Residence per offrirti un soggiorno in un\u2019oasi di relax tra mare e colline.<\/p>\n<p> A Porto Torres, 2,5 km dal mare.<\/p>\n<p>[\/et_pb_testimonial][\/et_pb_column][et_pb_column type=&#8221;1_2&#8243; _builder_version=&#8221;3.25&#8243; custom_padding=&#8221;|||&#8221; custom_padding__hover=&#8221;|||&#8221;][et_pb_number_counter title=&#8221;MOTIVI PER SCEGLIERE NOI&#8221; number=&#8221;5&#8243; percent_sign=&#8221;off&#8221; _builder_version=&#8221;4.3.4&#8243;][\/et_pb_number_counter][\/et_pb_column][et_pb_column type=&#8221;1_4&#8243; _builder_version=&#8221;3.25&#8243; custom_padding=&#8221;|||&#8221; custom_padding__hover=&#8221;|||&#8221;][et_pb_text _builder_version=&#8221;3.27.4&#8243;]<\/p>\n<ul>\n<li><strong>40 Minuti da Alghero<\/strong><\/li>\n<li><strong>30 Minuti da Sassari<\/strong><\/li>\n<li><strong>40 Minuti da Stintino<\/strong><\/li>\n<li><b>10 minuti dal Mare<\/b><\/li>\n<li><strong>Parcheggio Privato nella Struttura<\/strong><\/li>\n<\/ul>\n<p>[\/et_pb_text][\/et_pb_column][\/et_pb_row][\/et_pb_section]<\/p>\n","protected":false},"excerpt":{"rendered":"<p>Covid-19 &#8211;\u00a0Come lo affrontiamo?Caro Ospite, come ben sai il 2020 ha catapultato tutti Noi in un cambiamento repentino di abitudini quotidiane che mai ci saremo immaginati. Ormai tutti conosciamo e abbiamo acquisito dei comportamenti che ci portano ad essere pi\u00f9 attenti verso noi stessi e verso gli altri, per questo non abbiamo necessit\u00e0 di aggiungere [&hellip;]<\/p>\n","protected":false},"author":1,"featured_media":4283,"parent":0,"menu_order":0,"comment_status":"closed","ping_status":"closed","template":"","meta":{"_et_pb_use_builder":"on","_et_pb_old_content":"","_et_gb_content_width":"","footnotes":""},"class_list":["post-4216","page","type-page","status-publish","has-post-thumbnail","hentry"],"yoast_head":"<!-- This site is optimized with the Yoast SEO plugin v26.8 - https:\/\/yoast.com\/product\/yoast-seo-wordpress\/ -->\n<title>Covid-19 -\u00a0Come lo affrontiamo? - Il Melo Residence a Porto Torres<\/title>\n<meta name=\"description\" content=\"Come ci siamo organizzati per affrontare il Covid-19 nella nostra struttura? Sanificazione degli appartamenti e comportamenti da adottare.\" \/>\n<meta name=\"robots\" content=\"index, follow, max-snippet:-1, max-image-preview:large, max-video-preview:-1\" \/>\n<link rel=\"canonical\" href=\"https:\/\/www.ilmeloresidence.it\/it\/covid-19-come-lo-affrontiamo\/\" \/>\n<meta property=\"og:locale\" content=\"it_IT\" \/>\n<meta property=\"og:type\" content=\"article\" \/>\n<meta property=\"og:title\" content=\"Covid-19, come lo affrontiamo?\" \/>\n<meta property=\"og:description\" content=\"Come ci siamo organizzati per affrontare il Covid-19 nella nostra struttura? Sanificazione degli appartamenti e comportamenti da adottare.\" \/>\n<meta property=\"og:url\" content=\"https:\/\/www.ilmeloresidence.it\/it\/covid-19-come-lo-affrontiamo\/\" \/>\n<meta property=\"og:site_name\" content=\"Il Melo Residence a Porto Torres\" \/>\n<meta property=\"article:modified_time\" content=\"2021-03-06T20:59:38+00:00\" \/>\n<meta property=\"og:image\" content=\"https:\/\/www.ilmeloresidence.it\/wp-content\/uploads\/2020\/04\/Il-mio-post-28.jpg\" \/>\n\t<meta property=\"og:image:width\" content=\"1199\" \/>\n\t<meta property=\"og:image:height\" content=\"628\" \/>\n\t<meta property=\"og:image:type\" content=\"image\/jpeg\" \/>\n<meta name=\"twitter:card\" content=\"summary_large_image\" \/>\n<meta name=\"twitter:label1\" content=\"Tempo di lettura stimato\" \/>\n\t<meta name=\"twitter:data1\" content=\"8 minuti\" \/>\n<script type=\"application\/ld+json\" class=\"yoast-schema-graph\">{\"@context\":\"https:\/\/schema.org\",\"@graph\":[{\"@type\":\"WebPage\",\"@id\":\"https:\/\/www.ilmeloresidence.it\/it\/covid-19-come-lo-affrontiamo\/\",\"url\":\"https:\/\/www.ilmeloresidence.it\/it\/covid-19-come-lo-affrontiamo\/\",\"name\":\"Covid-19 -\u00a0Come lo affrontiamo? - Il Melo Residence a Porto Torres\",\"isPartOf\":{\"@id\":\"https:\/\/www.ilmeloresidence.it\/it\/#website\"},\"primaryImageOfPage\":{\"@id\":\"https:\/\/www.ilmeloresidence.it\/it\/covid-19-come-lo-affrontiamo\/#primaryimage\"},\"image\":{\"@id\":\"https:\/\/www.ilmeloresidence.it\/it\/covid-19-come-lo-affrontiamo\/#primaryimage\"},\"thumbnailUrl\":\"https:\/\/www.ilmeloresidence.it\/wp-content\/uploads\/2020\/04\/Il-mio-post-28.jpg\",\"datePublished\":\"2020-04-17T10:47:45+00:00\",\"dateModified\":\"2021-03-06T20:59:38+00:00\",\"description\":\"Come ci siamo organizzati per affrontare il Covid-19 nella nostra struttura? Sanificazione degli appartamenti e comportamenti da adottare.\",\"breadcrumb\":{\"@id\":\"https:\/\/www.ilmeloresidence.it\/it\/covid-19-come-lo-affrontiamo\/#breadcrumb\"},\"inLanguage\":\"it-IT\",\"potentialAction\":[{\"@type\":\"ReadAction\",\"target\":[\"https:\/\/www.ilmeloresidence.it\/it\/covid-19-come-lo-affrontiamo\/\"]}]},{\"@type\":\"ImageObject\",\"inLanguage\":\"it-IT\",\"@id\":\"https:\/\/www.ilmeloresidence.it\/it\/covid-19-come-lo-affrontiamo\/#primaryimage\",\"url\":\"https:\/\/www.ilmeloresidence.it\/wp-content\/uploads\/2020\/04\/Il-mio-post-28.jpg\",\"contentUrl\":\"https:\/\/www.ilmeloresidence.it\/wp-content\/uploads\/2020\/04\/Il-mio-post-28.jpg\",\"width\":1199,\"height\":628,\"caption\":\"Comportamenti e misure d' adottare per contrastare il Covid-19.\"},{\"@type\":\"BreadcrumbList\",\"@id\":\"https:\/\/www.ilmeloresidence.it\/it\/covid-19-come-lo-affrontiamo\/#breadcrumb\",\"itemListElement\":[{\"@type\":\"ListItem\",\"position\":1,\"name\":\"Home\",\"item\":\"https:\/\/www.ilmeloresidence.it\/it\/\"},{\"@type\":\"ListItem\",\"position\":2,\"name\":\"Covid-19 &#8211;\u00a0Come lo affrontiamo?\"}]},{\"@type\":\"WebSite\",\"@id\":\"https:\/\/www.ilmeloresidence.it\/it\/#website\",\"url\":\"https:\/\/www.ilmeloresidence.it\/it\/\",\"name\":\"Il Melo Residence a Porto Torres\",\"description\":\"L&#039;accoglienza del Nord Sardegna\",\"potentialAction\":[{\"@type\":\"SearchAction\",\"target\":{\"@type\":\"EntryPoint\",\"urlTemplate\":\"https:\/\/www.ilmeloresidence.it\/it\/?s={search_term_string}\"},\"query-input\":{\"@type\":\"PropertyValueSpecification\",\"valueRequired\":true,\"valueName\":\"search_term_string\"}}],\"inLanguage\":\"it-IT\"}]}<\/script>\n<!-- \/ Yoast SEO plugin. -->","yoast_head_json":{"title":"Covid-19 -\u00a0Come lo affrontiamo? - Il Melo Residence a Porto Torres","description":"Come ci siamo organizzati per affrontare il Covid-19 nella nostra struttura? Sanificazione degli appartamenti e comportamenti da adottare.","robots":{"index":"index","follow":"follow","max-snippet":"max-snippet:-1","max-image-preview":"max-image-preview:large","max-video-preview":"max-video-preview:-1"},"canonical":"https:\/\/www.ilmeloresidence.it\/it\/covid-19-come-lo-affrontiamo\/","og_locale":"it_IT","og_type":"article","og_title":"Covid-19, come lo affrontiamo?","og_description":"Come ci siamo organizzati per affrontare il Covid-19 nella nostra struttura? Sanificazione degli appartamenti e comportamenti da adottare.","og_url":"https:\/\/www.ilmeloresidence.it\/it\/covid-19-come-lo-affrontiamo\/","og_site_name":"Il Melo Residence a Porto Torres","article_modified_time":"2021-03-06T20:59:38+00:00","og_image":[{"width":1199,"height":628,"url":"https:\/\/www.ilmeloresidence.it\/wp-content\/uploads\/2020\/04\/Il-mio-post-28.jpg","type":"image\/jpeg"}],"twitter_card":"summary_large_image","twitter_misc":{"Tempo di lettura stimato":"8 minuti"},"schema":{"@context":"https:\/\/schema.org","@graph":[{"@type":"WebPage","@id":"https:\/\/www.ilmeloresidence.it\/it\/covid-19-come-lo-affrontiamo\/","url":"https:\/\/www.ilmeloresidence.it\/it\/covid-19-come-lo-affrontiamo\/","name":"Covid-19 -\u00a0Come lo affrontiamo? - Il Melo Residence a Porto Torres","isPartOf":{"@id":"https:\/\/www.ilmeloresidence.it\/it\/#website"},"primaryImageOfPage":{"@id":"https:\/\/www.ilmeloresidence.it\/it\/covid-19-come-lo-affrontiamo\/#primaryimage"},"image":{"@id":"https:\/\/www.ilmeloresidence.it\/it\/covid-19-come-lo-affrontiamo\/#primaryimage"},"thumbnailUrl":"https:\/\/www.ilmeloresidence.it\/wp-content\/uploads\/2020\/04\/Il-mio-post-28.jpg","datePublished":"2020-04-17T10:47:45+00:00","dateModified":"2021-03-06T20:59:38+00:00","description":"Come ci siamo organizzati per affrontare il Covid-19 nella nostra struttura? Sanificazione degli appartamenti e comportamenti da adottare.","breadcrumb":{"@id":"https:\/\/www.ilmeloresidence.it\/it\/covid-19-come-lo-affrontiamo\/#breadcrumb"},"inLanguage":"it-IT","potentialAction":[{"@type":"ReadAction","target":["https:\/\/www.ilmeloresidence.it\/it\/covid-19-come-lo-affrontiamo\/"]}]},{"@type":"ImageObject","inLanguage":"it-IT","@id":"https:\/\/www.ilmeloresidence.it\/it\/covid-19-come-lo-affrontiamo\/#primaryimage","url":"https:\/\/www.ilmeloresidence.it\/wp-content\/uploads\/2020\/04\/Il-mio-post-28.jpg","contentUrl":"https:\/\/www.ilmeloresidence.it\/wp-content\/uploads\/2020\/04\/Il-mio-post-28.jpg","width":1199,"height":628,"caption":"Comportamenti e misure d' adottare per contrastare il Covid-19."},{"@type":"BreadcrumbList","@id":"https:\/\/www.ilmeloresidence.it\/it\/covid-19-come-lo-affrontiamo\/#breadcrumb","itemListElement":[{"@type":"ListItem","position":1,"name":"Home","item":"https:\/\/www.ilmeloresidence.it\/it\/"},{"@type":"ListItem","position":2,"name":"Covid-19 &#8211;\u00a0Come lo affrontiamo?"}]},{"@type":"WebSite","@id":"https:\/\/www.ilmeloresidence.it\/it\/#website","url":"https:\/\/www.ilmeloresidence.it\/it\/","name":"Il Melo Residence a Porto Torres","description":"L&#039;accoglienza del Nord Sardegna","potentialAction":[{"@type":"SearchAction","target":{"@type":"EntryPoint","urlTemplate":"https:\/\/www.ilmeloresidence.it\/it\/?s={search_term_string}"},"query-input":{"@type":"PropertyValueSpecification","valueRequired":true,"valueName":"search_term_string"}}],"inLanguage":"it-IT"}]}},"_links":{"self":[{"href":"https:\/\/www.ilmeloresidence.it\/it\/wp-json\/wp\/v2\/pages\/4216","targetHints":{"allow":["GET"]}}],"collection":[{"href":"https:\/\/www.ilmeloresidence.it\/it\/wp-json\/wp\/v2\/pages"}],"about":[{"href":"https:\/\/www.ilmeloresidence.it\/it\/wp-json\/wp\/v2\/types\/page"}],"author":[{"embeddable":true,"href":"https:\/\/www.ilmeloresidence.it\/it\/wp-json\/wp\/v2\/users\/1"}],"replies":[{"embeddable":true,"href":"https:\/\/www.ilmeloresidence.it\/it\/wp-json\/wp\/v2\/comments?post=4216"}],"version-history":[{"count":25,"href":"https:\/\/www.ilmeloresidence.it\/it\/wp-json\/wp\/v2\/pages\/4216\/revisions"}],"predecessor-version":[{"id":4413,"href":"https:\/\/www.ilmeloresidence.it\/it\/wp-json\/wp\/v2\/pages\/4216\/revisions\/4413"}],"wp:featuredmedia":[{"embeddable":true,"href":"https:\/\/www.ilmeloresidence.it\/it\/wp-json\/wp\/v2\/media\/4283"}],"wp:attachment":[{"href":"https:\/\/www.ilmeloresidence.it\/it\/wp-json\/wp\/v2\/media?parent=4216"}],"curies":[{"name":"wp","href":"https:\/\/api.w.org\/{rel}","templated":true}]}}